{"id":60368,"date":"2024-07-12T11:13:56","date_gmt":"2024-07-12T09:13:56","guid":{"rendered":"https:\/\/ibars.institucioibars.com\/termes-i-condicions-servei-basic\/"},"modified":"2024-09-27T15:25:11","modified_gmt":"2024-09-27T13:25:11","slug":"termes-i-condicions-servei-basic","status":"publish","type":"page","link":"https:\/\/www.institucioibars.com\/ca\/termes-i-condicions-servei-basic\/","title":{"rendered":"Termes i condicions servei Basic"},"content":{"rendered":"\t\t<div data-elementor-type=\"wp-page\" data-elementor-id=\"60368\" class=\"elementor elementor-60368 elementor-58873\">\n\t\t\t\t<div class=\"elementor-element elementor-element-07829c3 terminos e-flex e-con-boxed wpr-particle-no wpr-jarallax-no wpr-parallax-no wpr-sticky-section-no e-con e-parent\" data-id=\"07829c3\" data-element_type=\"container\" data-settings=\"{&quot;background_background&quot;:&quot;classic&quot;}\">\n\t\t\t\t\t<div class=\"e-con-inner\">\n\t\t<div class=\"elementor-element elementor-element-dd387d7 e-flex e-con-boxed wpr-particle-no wpr-jarallax-no wpr-parallax-no wpr-sticky-section-no e-con e-child\" data-id=\"dd387d7\" data-element_type=\"container\" data-settings=\"{&quot;background_background&quot;:&quot;classic&quot;}\">\n\t\t\t\t\t<div class=\"e-con-inner\">\n\t\t\t\t<div class=\"elementor-element elementor-element-4d3d446 elementor-widget elementor-widget-heading\" data-id=\"4d3d446\" data-element_type=\"widget\" data-widget_type=\"heading.default\">\n\t\t\t\t<div class=\"elementor-widget-container\">\n\t\t\t<h2 class=\"elementor-heading-title elementor-size-default\">TERMES I CONDICIONS DEL CONTRACTE DE PRESTACI\u00d3 DE SERVEIS PER A LA SELECCI\u00d3 I GESTI\u00d3 DE CUIDADORS<\/h2>\t\t<\/div>\n\t\t\t\t<\/div>\n\t\t\t\t<div class=\"elementor-element elementor-element-d48d9da elementor-widget-divider--view-line elementor-widget elementor-widget-divider\" data-id=\"d48d9da\" data-element_type=\"widget\" data-widget_type=\"divider.default\">\n\t\t\t\t<div class=\"elementor-widget-container\">\n\t\t\t\t\t<div class=\"elementor-divider\">\n\t\t\t<span class=\"elementor-divider-separator\">\n\t\t\t\t\t\t<\/span>\n\t\t<\/div>\n\t\t\t\t<\/div>\n\t\t\t\t<\/div>\n\t\t\t\t<div class=\"elementor-element elementor-element-b7adad2 elementor-widget elementor-widget-text-editor\" data-id=\"b7adad2\" data-element_type=\"widget\" data-widget_type=\"text-editor.default\">\n\t\t\t\t<div class=\"elementor-widget-container\">\n\t\t\t\t\t\t\t<ol>\n<li>El\/la Sol\u00b7licitant, en endavant \u201cCliente\u201d realitza un contracte mercantil amb INSTITUCI IBARS., CIF G66122953, amb domicili a l&#8217;av. Carrilet 3 Ciutat de la Just\u00edcia, Edif DL 10., 08902 Hospitalet, d&#8217;ara endavant, \u00abel PRESTADOR\u00bb.<\/li>\n<li>Que INSTITUCI IBARS entitat dedicada a la prestaci\u00f3 de serveis dassessoria i gesti\u00f3 per a la cura de persones grans, malalts, nens i discapacitats realitzant lassessorament, selecci\u00f3 i posada en marxa els serveis datenci\u00f3 domicili\u00e0ria contractats per compte del Client, que \u00e9s qui estableix la relaci\u00f3 contractual laboral o professional amb les persones que presten servei domiciliari. Ag\u00e8ncia Autoritzada <\/li>\n<li>El Client mitjan\u00e7ant aquesta sol\u00b7licitud de servei estableix un contracte els serveis del prestador en les condicions tant de servei com econ\u00f2miques establertes al pressupost referenciat i t\u00e9 per objecte la prestaci\u00f3 d&#8217;un servei professional amb els l\u00edmits establerts en aquestes condicions.<\/li>\n<li style=\"color: #3b7b37;\">OBJECTE DEL CONTRACTE\n<ol>\n<li><span style=\"color: #333333;\">L&#8217;objecte del present contracte \u00e9s la prestaci\u00f3 de serveis d&#8217;assessoria i Ag\u00e8ncia de col\u00b7locaci\u00f3 en les condicions establertes a les diferents cl\u00e0usules i segons les garanties seleccionades pel CLIENT.<\/span><\/li>\n<li><span style=\"color: #333333;\">Selecci\u00f3 del cuidador que millor s&#8217;adapti a les necessitats requerides pel CLIENT, facilitant-lo fins a un m\u00e0xim de perfils il\u00b7limitats. Per cada perfil rebutjat pel CLIENT aquest ha de motivar les raons objectives de la seva no-adequaci\u00f3 a les necessitats sol\u00b7licitades per tal de millorar el proc\u00e9s de selecci\u00f3. <\/span><\/li>\n<li><span style=\"color: #333333;\">Preparaci\u00f3 del contracte laboral a subscriure entre el CLIENT i el cuidador i gesti\u00f3 de l&#8217;alta del cuidador a la Seguretat.<\/span><\/li>\n<li><span style=\"color: #333333;\">Assessorament sobre qualsevol q\u00fcesti\u00f3 del servei, tant t\u00e8cniques com a laborals relatives a la contractaci\u00f3 del cuidador\/ai la bona marxa del servei durant tota la vig\u00e8ncia del present contracte i sempre que el CLIENT es mantingui al corrent de pagament dels serveis.<\/span><\/li>\n<li><span style=\"color: #333333;\">Mediaci\u00f3 entre el CLIENT i el cuidador i assessorament sobre cures de gent gran, amb ple respecte a la intimitat, llibertat, autonomia i dignitat del CLIENT i de la persona atesa.<\/span><\/li>\n<li><span style=\"color: #333333;\">El CLIENT, per a la correcta prestaci\u00f3 dels serveis contractats vinculats a la refer\u00e8ncia del pressupost adjuntat al seu formulari, autoritza expressament INSTITUCI\u00d3 IBARS, a realitzar en nom seu, directament oa trav\u00e9s de tercers designats per INSTITUCI\u00d3 IBARS, qualsevol tr\u00e0mit necessari per a la gesti\u00f3 i alta al r\u00e8gim de la Seguretat Social del cuidador.<\/span><\/li>\n<\/ol>\n<\/li>\n<li style=\"color: #3b7b37;\">MODIFICACIONS O AMPLIACIONS DE L&#8217;OBJECTE DE SOL\u00b7LICITUD\n<ol>\n<li><span style=\"color: #333333;\">Si durant la vig\u00e8ncia del present contracte el CLIENT i\/del Prestador del servei considera oport\u00fa modificar i\/o ampliar la prestaci\u00f3 del servei, objecte del mateix. Amb aquesta finalitat, ambdues parts han d&#8217;acordar-ne l&#8217;abast. <\/span><\/li>\n<li><span style=\"color: #333333;\">Els acords adoptats hauran de quedar recollits en un nou contracte que complementi o substitueixi el present, sempre que les noves condicions no quedin cobertes als serveis contractats pel client i requereixin una selecci\u00f3 nova o amb uns criteris diferents dels inicialment facilitats. Per tant, aquesta modificaci\u00f3 es considerar\u00e0 un nou proc\u00e9s de selecci\u00f3. <\/span><\/li>\n<li><span style=\"color: #333333;\">La prestaci\u00f3 de qualsevol servei addicional o complementari quedaran recollit al present contracte.<\/span><\/li>\n<li><span style=\"color: #333333;\">Des del moment de l&#8217;acceptaci\u00f3 de les condicions del servei, el CLIENT s&#8217;obliga a atendre el pagament dels serveis segons els termes aprovats entre les parts ia realitzar la contractaci\u00f3 de la persona sol\u00b7licitada una vegada acceptat el perfil seleccionat. En cas de cancel\u00b7laci\u00f3 pr\u00e8via del servei una vegada ha estat realitzada la valoraci\u00f3 inicial per a la preselecci\u00f3 de les persones a trav\u00e9s d&#8217;INSTITUCI IBARS, aquest s&#8217;entendr\u00e0 realitzat. Llevat que les condicions per a la no contractaci\u00f3 de la persona seleccionada siguin per indisposici\u00f3 greu del Client. Entenent-se aquesta Defunci\u00f3 o malaltia que obligui el seu ingr\u00e9s hospitalari. La persona Autoritzada en signar aquest contracte adquireix els mateixos drets i obligacions que el Client, amb car\u00e0cter solidari, respecte al present contracte.    <\/span><\/li>\n<li><span style=\"color: #333333;\">La no contractaci\u00f3 de cap de les persones seleccionades per INSTITUCI\u00d3 IBARS no condiciona la prestaci\u00f3 del servei.<\/span><\/li>\n<\/ol>\n<\/li>\n<li style=\"color: #3b7b37;\">TERMINIS DE RECERCA I SELECCI\u00d3 DE CANDIDATURES\n<ol>\n<li><span style=\"color: #333333;\">La recerca de candidats de cuidador que compleixin amb els requisits que la fam\u00edlia demana per a la primera candidatura es presenta En un m\u00e0xim de 4 dies des de la valoraci\u00f3 a Capitals i la seva \u00e0rea d&#8217;influ\u00e8ncia amb dist\u00e0ncia menor a 10 km i 10 dies a la resta de les poblacions. Es presentaran un nombre il\u00b7limitat de candidatures fins a iniciar el proc\u00e9s. <\/span><\/li>\n<li><span style=\"color: #333333;\">La recerca de candidats es pot allargar m\u00e9s d&#8217;aquests terminis si el CLIENT no t\u00e9 disponibilitat per entrevistar els candidats o per incorporar-los.<\/span><\/li>\n<\/ol>\n<\/li>\n<li style=\"color: #3b7b37;\">PROC\u00c9S DE SELECCI\u00d3 DE CANDIDATS I ACCEPTACI\u00d3 PEL CLIENT\n<ol>\n<li><span style=\"color: #333333;\">EL PRESTADOR facilitar\u00e0 al CLIENT els candidats per a la selecci\u00f3 definitiva per aquest \u00faltim de la persona que vol contractar com a cuidador dins dels terminis anteriorment indicats al Punt 6.<\/span><\/li>\n<li><span style=\"color: #333333;\">Es posaran a la disposici\u00f3 del CLIENT els perfils professionals que han passat el filtre previ establert pel servei de Selecci\u00f3 d&#8217;INSTITUCI\u00d3 IBARS. En el cas del servei de Selecci\u00f3 per substitucions de vacances o baixes del treballador, INSTITUCI\u00d3 IBARS es reserva el dret de presentar nom\u00e9s 1 perfil disponible en tractar-se moltes vegades d&#8217;una urg\u00e8ncia. Aquest perfil haur\u00e0 de ser semblant al de la persona substitu\u00efda.  <\/span><\/li>\n<li><span style=\"color: #333333;\">INSTITUCI\u00d3 IBARS vetlla per la seguretat dels candidats presentats i es reserva el dret de no admetre discriminacions de tipus racial o sexual durant el proc\u00e9s de selecci\u00f3.<\/span><\/li>\n<li><span style=\"color: #333333;\">Un cop realitzada la presentaci\u00f3 del perfil del candidat per part d&#8217;INSTITUCI\u00d3 IBARS, el CLIENT haur\u00e0 d&#8217;informar INSTITUCI\u00d3 IBARS, durant les 24 hores seg\u00fcents, de la resoluci\u00f3 d&#8217;aquesta, amb l&#8217;objectiu de poder fer els tr\u00e0mits pertinents en cas de resoluci\u00f3 positiva. En cas de no rebre resposta o confirmaci\u00f3 del CLIENT, INSTITUCI\u00d3 IBARS procedir\u00e0 a la cerca del seg\u00fcent candidat sense poder garantir la disponibilitat del cuidador anterior un cop passat termini. En cas que el CLIENT desisteixi de 3 perfils presentats sense una causa justificada, per continuar el proc\u00e9s, el rebuig d&#8217;aquesta tercera i de les posteriors ha de quedar degudament argumentat per part del CLIENT, aquesta argumentaci\u00f3 ser\u00e0 sol\u00b7licitada per l&#8217;equip de INSTITUCI\u00d3 IBARS per continuar ajustant el proc\u00e9s de selecci\u00f3 a les vostres necessitats.  <\/span><\/li>\n<li><span style=\"color: #333333;\">En els sup\u00f2sits contemplats al punt anterior s&#8217;entendr\u00e0 que les quantitats lliurades fins a la data pel CLIENT a INSTITUCI\u00d3 IBARS s\u00f3n degudes i que han estat abonades a INSTITUCI\u00d3 IBARS pel CLIENT en concepte de remuneraci\u00f3 dels serveis de recerca de candidats realitzats<\/span><\/li>\n<li><span style=\"color: #333333;\">S&#8217;estableix un servei de selecci\u00f3 de personal d&#8217;acord amb el salari proposat per Instituci\u00f3 Ibars i les condicions sol\u00b7licitades pel client. S&#8217;hi inclou la gesti\u00f3 laboral, l&#8217;elaboraci\u00f3 de contractes laborals i l&#8217;alta en la seguretat social, aix\u00ed com les gestions en seguretat necess\u00e0ries per a aquest objectiu. El servei d&#8217;alta laboral no ser\u00e0 obligatori per al client, que el pot tramitar pels seus mitjans.  <\/span><\/li>\n<li><span style=\"color: #333333;\">En el sup\u00f2sit que vulgueu tramitar la gesti\u00f3 laboral al marge d&#8217;INTITUCI\u00d3 IBARS, ho heu de comunicar expressament.<\/span><\/li>\n<li><span style=\"color: #333333;\">La garantia de selecci\u00f3 establerta per al servei \u00e9s de 15 dies naturals des de la incorporaci\u00f3 i alta a la seguretat social del treballador\/a, sempre que es compleixin la resta de les condicions del contracte.<\/span><\/li>\n<li><span style=\"color: #333333;\">Durant el per\u00edode de garantia establert al punt 7.8, el CLIENT pot disposar dels canvis de treballadors\/ores que necessiti sense que sigui considerat un nou proc\u00e9s de selecci\u00f3. En cas dexercir la garantia i procedir al canvi de personal, ho haur\u00e0 de comunicar expressament per escrit i garantir el compliment de les condicions laborals amb la persona substitu\u00efda. Aquestes substitucions no representaran un augment en el termini de garantia establert inicialment.  <\/span><\/li>\n<li><span style=\"color: #333333;\">Un cop ven\u00e7uda la garantia inicial, en cas d&#8217;acomiadament de la persona seleccionada per part del CLIENT s&#8217;entendr\u00e0 com un nou proc\u00e9s de selecci\u00f3.<\/span><\/li>\n<li><span style=\"color: #333333;\">Les Condicions salarials inicialment pactades en aquest contracte estan subjectes a les modificacions que, si escau, es puguin establir a trav\u00e9s dels canvis legislatius, fluctuacions del mercat laboral i de les variacions en el Salari M\u00ednim Interprofessional.<\/span><\/li>\n<li><span style=\"color: #333333;\">Al marge del punt anterior, els salaris es poden veure modificats a partir de l&#8217;inici del segon any de servei, per anar adaptant-los als establerts al mercat laboral, aix\u00ed com la quota de la Garantia Mensual que s&#8217;adaptar\u00e0 a la pujada de l&#8217;IPC. Aix\u00f2 es dur\u00e0 a terme mitjan\u00e7ant notificaci\u00f3 pr\u00e8via al CLIENT i\/o AUTORITZATS, els quals lliurement els poden acceptar o rebutjar. El rebuig de la proposta de modificaci\u00f3 salarial implicaria la resoluci\u00f3 del contracte i, per tant, de la Garantia mensual.  <\/span><\/li>\n<\/ol>\n<\/li>\n<li style=\"color: #3b7b37;\">OBLIGACIONS DEL PRESTADOR\n<ol>\n<li><span style=\"color: #333333;\">El prestador es compromet a realitzar la prestaci\u00f3 del servei de forma diligent i conforme als usos professionals dins de les ag\u00e8ncies de col\u00b7locaci\u00f3 i serveis datenci\u00f3 domicili\u00e0ria.<\/span><\/li>\n<li><span style=\"color: #333333;\">El prestador reconeix haver informat el client, pr\u00e8viament a la signatura d&#8217;aquesta sol\u00b7licitud de serveis, sobre les caracter\u00edstiques essencials de la prestaci\u00f3 d&#8217;aquest objectes del present comprom\u00eds.<\/span><\/li>\n<li><span style=\"color: #333333;\">Igualment es compromet a realitzar la prestaci\u00f3 de serveis dins de les dates i els termes acordats amb el client, i amb la m\u00e0xima dilig\u00e8ncia i predisposici\u00f3.<\/span><\/li>\n<li><span style=\"color: #333333;\">El Prestador es compromet a mantenir informats tant Client i\/o Autoritzats sobre les incid\u00e8ncies o possibles modificacions del servei<\/span><\/li>\n<\/ol>\n<\/li>\n<li style=\"color: #3b7b37;\">OBLIGACIONS DEL CLIENT I AUTORITZATS\n<ol>\n<li><span style=\"color: #333333;\">El Client i autoritzats es comprometen a fer entrega de tota la informaci\u00f3 \u00fatil i rellevant per a la correcta execuci\u00f3 del servei<\/span><\/li>\n<li><span style=\"color: #333333;\">El Client i autoritzats, es comprometen a col\u00b7laborar amb el Prestatari durant el desenvolupament de la prestaci\u00f3 de servei, informant sobre caracter\u00edstiques rellevants que pugui modificar les condicions de prestaci\u00f3 de servei de forma rellevant.<\/span><\/li>\n<li><span style=\"color: #333333;\">El Client contracta els serveis del prestador en les condicions tant de servei com econ\u00f2miques establertes en aquest contracte i t\u00e9 per objecte la prestaci\u00f3 d&#8217;un servei professional amb els l\u00edmits establerts en les diferents modalitats.<\/span><\/li>\n<li><span style=\"color: #333333;\">El Client i autoritzats s&#8217;obliguen a pagar el preu establert al present contracte segons les condicions econ\u00f2miques establertes al present contracte.<\/span><\/li>\n<li><span style=\"color: #333333;\">El Client assumeix que INSTITUCI\u00d3 IBARS presta un servei professional de selecci\u00f3 assessorament i garantia, per\u00f2 \u00e9s el CLLIENT qui es compromet a realitzar la contractaci\u00f3 laboral de la persona finalment seleccionada.<\/span><\/li>\n<li><span style=\"color: #333333;\">El Client i\/o Autoritzats es comprometen a respectar les condicions laborals en els termes pactats pr\u00e8viament amb Instituci\u00f3 Ibars, horaris salaris i resta de condicions laborals ia liquidar al treballador les quantitats salarials compromeses en temps i forma, aix\u00ed com mantenir unes condicions laborals adequades, segons estipula l&#8217;ET Reial decret legislatiu 1\/1995.<\/span><\/li>\n<\/ol>\n<\/li>\n<li style=\"color: #3b7b37;\">RELACI\u00d3 DE CAR\u00c0CTER MERCANTIL\n<ol>\n<li><span style=\"color: #333333;\">Les relacions de les parts signants del present contracte tenen exclusivament un car\u00e0cter mercantil, i no hi ha cap vincle laboral entre el prestador i el client o autoritzats.<\/span><\/li>\n<li><span style=\"color: #333333;\">Aix\u00ed mateix el personal que el Prestador seleccioni per al Client, mantindr\u00e0 una relaci\u00f3 laboral, segons estipula l&#8217;ET Reial Decret Legislatiu 1\/1995, exclusivament amb el Client, que es comprometr\u00e0 a complir fidelment amb la normativa i les condicions laborals pactades al contracte segons la cl\u00e0usula 8.5 del present document.<\/span><\/li>\n<\/ol>\n<\/li>\n<li style=\"color: #3b7b37;\">RESPONSABILITAT\n<ol>\n<li><span style=\"color: #333333;\">Incorrer\u00e0 en responsabilitat qualsevol de les parts que actu\u00ef de forma negligent o culposa en el compliment de les obligacions establertes en aquest contracte. i perjudicis ocasionats. <\/span><\/li>\n<li><span style=\"color: #333333;\">El prestador realitzar\u00e0 la prestaci\u00f3 de servei objecte del present contracte amb la dilig\u00e8ncia i qualitat deguda, i es comprometr\u00e0 a assumir la responsabilitat pels errors, les demores o els defectes produ\u00efts durant l&#8217;execuci\u00f3 del servei, o en el seu defecte de la no execuci\u00f3 del servei. Aix\u00f2 no obstant, el prestador del servei no \u00e9s responsable de l&#8217;error, demora o defectes en el servei quan aquests emanin de l&#8217;omissi\u00f3 o incorrecta informaci\u00f3 per part del client i\/o autoritzats. El prestador no est\u00e0 obligat a verificar la veracitat o autenticitat de les dades rebudes per part del client i\/o autoritzats.  <\/span><\/li>\n<\/ol>\n<\/li>\n<li style=\"color: #3b7b37;\">FOR\u00c7A MAJOR\n<ol>\n<li><span style=\"color: #333333;\">Cap de les parts no pot ser considerada responsable d&#8217;un retard, defecte o error en l&#8217;execuci\u00f3 de les seves obligacions contractuals quan aquells s\u00f3n deguts o ocasionats per una causa de for\u00e7a major. Aix\u00f2 no obstant, les parts queden obligades a notificar a l&#8217;altra part quan tinguin coneixement que una causa d&#8217;aquesta naturalesa ha passat i afecta la correcta execuci\u00f3 de les seves obligacions. <\/span><\/li>\n<li><span style=\"color: #333333;\">S&#8217;entendr\u00e0 per &#8220;for\u00e7a major&#8221;: inundaci\u00f3, incendi, explosi\u00f3, avaria a la planta de producci\u00f3, tancament patronal, vaga, disturbi civil, bloqueig, embargament, mandat, llei, ordre, regulaci\u00f3, ordenan\u00e7a, demanda o petici\u00f3 de qualsevol Govern o de qualsevol subdivisi\u00f3 o representant d&#8217;aquest, o qualsevol altra causa, que estigui fora del control de la part involucrada, sense que es pugui entendre que la manca de fons constitueix una causa de for\u00e7a m\u00e9s gran.<\/span><\/li>\n<\/ol>\n<\/li>\n<li style=\"color: #3b7b37;\">EL DEURE SECRET I CONFIDENCIALITAT\n<ol>\n<li><span style=\"color: #333333;\">Les parts es comprometen que el desenvolupament d&#8217;aquest contracte es regeixi en la confidencialitat m\u00e9s absoluta, respectant el deure de dilig\u00e8ncia i secret professional. Aix\u00ed, ambdues parts s&#8217;obliguen a no revelar cap informaci\u00f3 relativa a aquest Contracte, ja sigui relativa a les negociacions, transaccions o qualsevol assumpte de les parts, ni el contingut ni exist\u00e8ncia del Contracte aqu\u00ed subscrit, ni sobre les activitats o serveis que se&#8217;n van a desenvolupar. <\/span><\/li>\n<li><span style=\"color: #333333;\">En especial, el PRESTADOR es compromet a que tota informaci\u00f3 o documentaci\u00f3 que el CLIENT i\/o AUTORITZADA li lliuri oa qu\u00e8 tingui acc\u00e9s per qualsevol motiu, directament o indirectament, ser\u00e0 utilitzada \u00fanicament per servir al compliment de la prestaci\u00f3 de serveis objecte d&#8217;aquest Contracte i, en tot cas, a realitzar els serveis respectant els principis de bona fe, dilig\u00e8ncia i el deure de secret. En conseq\u00fc\u00e8ncia, no podr\u00e0 facilitar a tercers o utilitzar per al seu propi benefici la informaci\u00f3 que obtingui en l&#8217;exercici de la prestaci\u00f3 de serveis, sempre que aquella pugui afavorir-los o quan aquesta revelaci\u00f3 pugui perjudicar de qualsevol manera el CLIENT. <\/span><\/li>\n<li><span style=\"color: #333333;\">En conseq\u00fc\u00e8ncia, el PRESTADOR es compromet expressament a no fer c\u00f2pies, gravar, reproduir, manipular, revelar a tercers, o posar-ne a disposici\u00f3 la informaci\u00f3 o documentaci\u00f3 que pugui rebre directament o indirectament del CLIENT.<\/span><\/li>\n<li><span style=\"color: #333333;\">Aix\u00ed mateix, el PRESTADOR respondr\u00e0 davant del CLIENT de l&#8217;incompliment de les obligacions assumides en virtut d&#8217;aquesta cl\u00e0usula, fins i tot quan aquest incompliment sigui imputable, si escau, al personal treballador dels quals haur\u00e0 de respondre legalment.<\/span><\/li>\n<\/ol>\n<\/li>\n<li style=\"color: #3b7b37;\">PROTECCI\u00d3 DE DADES\n<ol>\n<li><span style=\"color: #333333;\">Parts s\u00f3n conscients que mitjan\u00e7ant la signatura d&#8217;aquest Contracte consenten que les seves dades personals recollides en aquest Contracte, aix\u00ed com les que es poguessin recollir en el futur per poder donar compliment o una correcta execuci\u00f3 d&#8217;aquest Contracte, podrien ser incorporades per l&#8217;altra Parteix al seu propi fitxer de recollida de dades per tal de gestionar correctament la relaci\u00f3 contractual i, eventualment, per a una gesti\u00f3 administrativa i\/o comercial.<\/span><\/li>\n<li><span style=\"color: #333333;\">En tot cas, les parts es comprometen que aquestes dades personals no seran cedides en cap cas a tercers, encara que, si es don\u00e9s el cas que s&#8217;hagu\u00e9s de fer algun tipus de cessi\u00f3 de dades personals, es comprometen sempre i de forma pr\u00e8via, a sol\u00b7licitar el consentiment expr\u00e9s, informat, i inequ\u00edvoc de la part que \u00e9s titular d&#8217;aquestes dades de car\u00e0cter personal.<\/span><\/li>\n<li><span style=\"color: #333333;\">Respecte de les dades personals a qu\u00e8 el PRESTADOR tingui acc\u00e9s com a conseq\u00fc\u00e8ncia de la prestaci\u00f3 del servei objecte d&#8217;aquest Contracte, s\u00f3n propietat exclusiva del CLIENT i s&#8217;entendran facilitades de forma volunt\u00e0ria per aquest, i nom\u00e9s seran utilitzades amb la finalitat de prestar els serveis requerits en el Contracte, el PRESTADOR es compromet a no aplicar-los ni utilitzar-los per a finalitat diferent de la pactada ia no comunicar-los a altres persones, ni tan sols a efectes de conservaci\u00f3, obligant-se aix\u00ed mateix, a tornar \u00edntegrament al CLIENT els fitxers, automatitzats o no, de dades de car\u00e0cter personal a qu\u00e8 hagu\u00e9s tingut acc\u00e9s, quan sigui requerit a aix\u00f2 pel CLIENT, i\/oa procedir a la destrucci\u00f3 dels suports i\/ o documents on es continguin aquestes dades en finalitzar aquest Contracte, i, en tot cas, al venciment del present Contracte.<\/span><\/li>\n<li><span style=\"color: #333333;\">En tot cas, el PRESTADOR es compromet a que, el tractament de les dades de car\u00e0cter personal a qu\u00e8 tingui acc\u00e9s per ra\u00f3 de la prestaci\u00f3 dels serveis objecte del present Contracte, i de tota la informaci\u00f3 que li faciliti en general el CLIENT, sigui realitzat mantenint el m\u00e9s estricte secret professional i absoluta confidencialitat respecte de les dades d&#8217;aquestes, aix\u00ed com a complir diligentment el deure de gu\u00e0rdia i cust\u00f2dia que sobre aquests imposa la LOPD.<\/span><\/li>\n<li><span style=\"color: #333333;\">Aquests deures seran exigibles al PRESTADOR durant la vig\u00e8ncia del present Contracte i encara despr\u00e9s de produ\u00efda la terminaci\u00f3 per qualsevol causa d&#8217;aquest, i ser\u00e0 responsable davant del CLIENT de l&#8217;incompliment de les obligacions aqu\u00ed assumides.<\/span><\/li>\n<li><span style=\"color: #333333;\">El PRESTADOR es compromet a adoptar les mesures t\u00e8cniques i\/o organitzatives necess\u00e0ries per protegir les dades de car\u00e0cter personal a qu\u00e8 tingui acc\u00e9s ia evitar la seva alteraci\u00f3, p\u00e8rdua, tractament i acc\u00e9s no autoritzat, i aix\u00f2 d&#8217;acord amb la LOPD i les normes complement\u00e0ries de desenvolupament.<\/span><\/li>\n<li><span style=\"color: #333333;\">El PRESTADOR respondr\u00e0 davant del CLIENT de l&#8217;incompliment de les obligacions assumides en virtut d&#8217;aquesta cl\u00e0usula, fins i tot quan aquest incompliment sigui imputable, si escau, al personal treballador dels quals haur\u00e0 de respondre legalment.<\/span><\/li>\n<\/ol>\n<\/li>\n<li style=\"color: #3b7b37;\">SERVEIS GARANTIA MENSUAL BASIC\n<ol>\n<li><span style=\"color: #333333;\">El CLIENT tret que renunci\u00ef expressament, contracta una garantia mensual de servei que li d\u00f3na dret a una s\u00e8rie de serveis per part d&#8217;INSTITUCI\u00d3 IBARS, per garantir-li el dia a dia a l&#8217;atenci\u00f3 domicili\u00e0ria.<\/span><\/li>\n<li><span style=\"color: #333333;\">Mediaci\u00f3 entre el CLIENT i la resta de la fam\u00edlia per a la consecuci\u00f3 del millor servei i atenci\u00f3, mitjan\u00e7ant un servei de mediaci\u00f3 professional.<\/span><\/li>\n<li><span style=\"color: #333333;\">Servei de substituci\u00f3 del cuidador\/a en cas d&#8217;acomiadament o causa aliena a la voluntat del CLIENT. El servei de substituci\u00f3 es far\u00e0 de manera limitada. Disposar\u00e0 duna substituci\u00f3 en un per\u00edode de dotze mesos sempre que les causes no estiguin relacionades amb abusos per part del CLIENT o en el canvi de les condicions laborals del cuidador\/a pr\u00e8viament acordades en la valoraci\u00f3 inicial. Substitucions posteriors dins dels dotze mesos comportaran un cost addicional de 155\u20ac (IVA no incl). Aquesta substituci\u00f3 es realitzar\u00e0 en els mateixos terminis de selecci\u00f3 establerts al punt 6.1.      <\/span><\/li>\n<li><span style=\"color: #333333;\">Servei de substituci\u00f3 del cuidador\/a en cas accident laboral o incapacitat temporal aliena a la voluntat del CLIENT. El servei de substituci\u00f3 es realitzar\u00e0 de forma il\u00b7limitada, sempre que les causes no estiguen relacionades amb abusos per part del CLIENT. La selecci\u00f3 i la incorporaci\u00f3 de la persona substituta es realitzar\u00e0 atenent les condicions laborals pactades per part d&#8217;INSTITUCI\u00d3 IBARS amb el CLIENT a la present sol\u00b7licitud. La substituci\u00f3 es realitzar\u00e0 en un termini m\u00e0xim de 72 hores h\u00e0bils a localitats igual o superiors a 20.000 habitants i de 120 hores h\u00e0bils a la resta de localitats.   <\/span><\/li>\n<li><span style=\"color: #333333;\">Es realitzar\u00e0 una gesti\u00f3 laboral integral de la persona seleccionada, elaboraci\u00f3 de contractes, n\u00f2mines, certificacions i documentaci\u00f3 laboral de qualsevol mena. Aix\u00ed mateix, el CLIENT disposa per part d&#8217;INSTITUCI\u00d3 IBARS, d&#8217;un assessorament laboral i gestions davant de la seguretat social. En el sup\u00f2sit que vulgueu tramitar la gesti\u00f3 laboral al marge d&#8217;INTITUCI\u00d3 IBARS, ho heu de comunicar expressament per escrit.  <\/span><\/li>\n<li><span style=\"color: #333333;\">Les garanties del punt 15.3 no s\u00f3n aplicables quan hi hagi un incompliment del CLIENT en les seves obligacions laborals.<\/span><\/li>\n<li><span style=\"color: #333333;\">INSTITUCI\u00d3 IBARS posa a disposici\u00f3 del CLIENT un acc\u00e9s a la intranet on tindr\u00e0 a la vostra disposici\u00f3 tota la informaci\u00f3 laboral que es vagi generant, aix\u00ed com documentaci\u00f3 necess\u00e0ria per a la supervisi\u00f3 del servei.<\/span><\/li>\n<li><span style=\"color: #333333;\">La garantia de selecci\u00f3 establerta per al servei \u00e9s de 15 dies naturals des de la incorporaci\u00f3 i alta a la seguretat social del treballador\/a, sempre que es compleixin la resta de les condicions del contracte.<\/span><\/li>\n<li><span style=\"color: #333333;\">Durant aquest per\u00edode, en cas dexercir la garantia i procedir al canvi de personal, ho haur\u00e0 de comunicar expressament per escrit i garantir el compliment de les condicions laborals amb la persona substitu\u00efda. Sense que aquesta substituci\u00f3 representi un augment en el termini de garantia inicialment establert. <\/span><\/li>\n<li><span style=\"color: #333333;\">Un cop ven\u00e7uda la garantia inicial, en cas d&#8217;acomiadament de la persona seleccionada per part del CLIENT s&#8217;entendr\u00e0 com un nou proc\u00e9s de selecci\u00f3. Aquest nou proc\u00e9s de selecci\u00f3 comporta amb cost de 155\u20ac (IVA incl\u00f2s). <\/span><\/li>\n<li><span style=\"color: #333333;\">Les Condicions salarials inicialment pactades en aquest contracte estan subjectes a les modificacions que, si escau, es puguin establir a trav\u00e9s dels canvis legislatius, fluctuacions del mercat laboral i de les variacions en el Salari M\u00ednim Interprofessional. Les legals seran aplicades d&#8217;ofici per INSTITUCI\u00d3 IBARS, amb la notificaci\u00f3 pr\u00e8via al CLIENT. <\/span><\/li>\n<li><span style=\"color: #333333;\">Al marge del punt anterior, els salaris es poden veure modificats a partir de l&#8217;inici del segon any de servei, per anar adaptant-los als establerts al mercat laboral, aix\u00ed com la quota de la Garantia Mensual que s&#8217;adaptar\u00e0 a la pujada de l&#8217;IPC. Aix\u00f2 es dur\u00e0 a terme mitjan\u00e7ant notificaci\u00f3 pr\u00e8via al CLIENT i\/o AUTORITZATS, els quals lliurement els poden acceptar o rebutjar. El rebuig de la proposta de modificaci\u00f3 salarial implicaria la resoluci\u00f3 del contracte i, per tant, de la Garantia mensual.  <\/span><\/li>\n<li><span style=\"color: #333333;\">En el cas de sol\u00b7licitar una substituci\u00f3 de vacances conforme a la garantia de substituci\u00f3 establerta al punt 15.3, aquestes seran programades amb un m\u00ednim de 20 dies. Les substitucions de vacances seran una a l&#8217;any per treballador incl\u00f2s als serveis de garantia. El cost dels salaris corresponents a les persones substitutes anir\u00e0 a c\u00e0rrec de l&#8217;usuari contractant en les condicions pr\u00e8viament facilitades per Instituci\u00f3 Ibars  <\/span><\/li>\n<\/ol>\n<\/li>\n<li style=\"color: #3b7b37;\">RETRIBUCI\u00d3 I PAGAMENT\n<ol>\n<li><span style=\"color: #333333;\">Els honoraris d&#8217;INSTITUCI\u00d3 IBARS per la prestaci\u00f3 dels serveis objecte del present contracte consten d&#8217;un pagament inicial en concepte de cerca i selecci\u00f3 de candidats (la &#8220;Quota de Selecci\u00f3 i garantia inicial&#8221;) i una quota mensual fixa per a la resta dels serveis (la &#8220;Quota Garantia Mensual&#8221;). La quota inicial de selecci\u00f3 i garantia es meritar\u00e0 i ser\u00e0 abonada pel CLIENT a INSTITUCI\u00d3 IBARS en el moment de l&#8217;acceptaci\u00f3 del present contracte pel CLIENT i, en conseq\u00fc\u00e8ncia, subscripci\u00f3 del present contracte entre les parts. <\/span><\/li>\n<li><span style=\"color: #333333;\">La Quota de Garantia Mensual BASIC en cas de contractar-se es meritar\u00e0 a favor d&#8217;INSTITUCI\u00d3 IBARS mentre romangui vigent aquest.<\/span><\/li>\n<li><span style=\"color: #333333;\">Respecte de la Quota Garantia Mensual, la primera ser\u00e0 la corresponent al mes de la data de subscripci\u00f3 del present contracte i ser\u00e0 facturada i exigible a l&#8217;inici del mes seg\u00fcent en qu\u00e8 se subscrigui el corresponent contracte laboral entre el cuidador i el CLIENT o al moment en qu\u00e8 el cuidador comenci la prestaci\u00f3 dels serveis, en cas que aquest sup\u00f2sit tingu\u00e9s lloc per motius durg\u00e8ncia i necessitat imminent.<\/span><\/li>\n<li><span style=\"color: #333333;\">La quota mensual ser\u00e0 exigible en la seva totalitat i mai no ser\u00e0 divisible en una proporci\u00f3 pels dies prestats de servei. La quota mensual ser\u00e0 sempre exigible al CLIENT mentre es mantingui la relaci\u00f3 contractual i mentre INSTITUCI\u00d3 IBARS hagi realitzat alguna de les gestions laborals seg\u00fcents: n\u00f2mina, alta, baixa, modificaci\u00f3 contractual o qualsevol comunicaci\u00f3 en Seguretat Social. <\/span><\/li>\n<li><span style=\"color: #333333;\">Pel que fa al m\u00e8tode de pagament, INSTITUCI\u00d3 IBARS carregar\u00e0 l&#8217;import corresponent a cada mensualitat a la targeta de cr\u00e8dit, d\u00e8bit o n\u00famero de compte (domiciliaci\u00f3 banc\u00e0ria) designada pel CLIENT al document que autoritza a c\u00e0rrec seu per INSTITUCI\u00d3 IBARS. Amb la petici\u00f3 pr\u00e8via del CLIENT, INSTITUCI\u00d3 IBARS emetr\u00e0 la corresponent factura i la lliurar\u00e0 al CLIENT en els 5 dies seg\u00fcents al moment en qu\u00e8 la remuneraci\u00f3 sigui exigible. <\/span><\/li>\n<li><span style=\"color: #333333;\">Qualsevol modificaci\u00f3 de la forma de pagament haur\u00e0 de ser pr\u00e8viament i expressament notificada per escrit pel CLIENT i tindr\u00e0 efectes des de la recepci\u00f3 efectiva i fefaent de la dita notificaci\u00f3 per INSTITUCI\u00d3 BIARS. Els m\u00e8todes de pagament acceptats s\u00f3n: Targeta de Cr\u00e8dit o D\u00e8bit (mitjan\u00e7ant transfer\u00e8ncia segura SSL), domiciliaci\u00f3 i transfer\u00e8ncia banc\u00e0ries en cas de suplert de sous. <\/span><\/li>\n<li><span style=\"color: #333333;\">En cas d&#8217;impagament d&#8217;una o m\u00e9s quotes es meritar\u00e0 un inter\u00e8s de demora a favor d&#8217;INSTITUCI\u00d3 IBARS equivalent a l&#8217;inter\u00e8s legal dels diners, a computar des de la data de venciment de la quota impagada fins al moment del pagament efectiu per part del CLIENT. Aix\u00ed mateix, en cas d&#8217;impagament aniran a c\u00e0rrec del CLIENT totes les despeses de tota mena generades per la devoluci\u00f3 del rebut (despeses gesti\u00f3, comissions banc\u00e0ries, etc.). <\/span><\/li>\n<\/ol>\n<\/li>\n<li style=\"color: #3b7b37;\">CL\u00c0USULES DE DESISTIMENT I RESOLUCI\u00d3 DEL CONTRACTE I GARANTIA.\n<ol>\n<li><span style=\"color: #333333;\">Les parts es comprometen a complir les obligacions que emanen d&#8217;aquest contracte per a cadascuna d&#8217;elles en els termes i les condicions establerts al llarg d&#8217;aquest contracte.<\/span><\/li>\n<li><span style=\"color: #333333;\">En cas que alguna de les parts incompl\u00eds alguna de les obligacions del contracte, o les compl\u00eds de forma defectuosa, la part que al seu torn s\u00ed que hagu\u00e9s complert les seves pot considerar que ha existit incompliment del contracte en els termes establerts pel article 1.124 del Codi Civil, quedant facultada per optar entre resoldre el Contracte o exigir-ne el compliment, reclamant, en ambd\u00f3s casos, la corresponent indemnitzaci\u00f3 de danys i perjudicis. Sense perjudici de l&#8217;anterior, es considerar\u00e0 complerta de forma correcta la selecci\u00f3 de personal una vegada subscrit el contracte laboral entre el Client i empleat\/ada. <\/span><\/li>\n<li><span style=\"color: #333333;\">A m\u00e9s, el Contracte es considera resolt per la insolv\u00e8ncia definitiva o provisional, la suspensi\u00f3 de pagaments, la fallida, el concurs de creditors, i\/o l&#8217;acord de liquidaci\u00f3 de qualsevol de les parts.<\/span><\/li>\n<li><span style=\"color: #333333;\">Es resoldr\u00e0 el contracte de manera immediata per l&#8217;impagament o la devoluci\u00f3 de dues quotes consecutives o no sense que s&#8217;hagin refet complits cinc dies des de la seva reclamaci\u00f3. prestaci\u00f3 dels seus serveis i considerar resolt el present contracte, tot aix\u00f2 sense perjudici dels altres drets corresponguin a Instituci\u00f3 Ibars en virtut del que establert al present document ia la legislaci\u00f3 vigent. <\/span><\/li>\n<li><span style=\"color: #333333;\">Igualment, ser\u00e0 causa de resoluci\u00f3 del Contracte quan el PRESTADOR deixi de prestar els serveis o part dels serveis que formen part de lobjecte daquest Contracte. S&#8217;entendr\u00e0 que el PRESTADOR ha deixat de prestar els serveis quan no es desenvolupa aquesta activitat regularment o amb els mitjans materials i personals adequats a aquesta. <\/span><\/li>\n<li><span style=\"color: #333333;\">El CLIENT podr\u00e0 desistir el present contracte sense cap penalitzaci\u00f3 tenint dret a la devoluci\u00f3 de la Quota Inicial de selecci\u00f3 si Instituci\u00f3 Ibars no ha proposat cap candidat en el temps acordat amb el client. En cas de no haver fixat un temps espec\u00edfic, el m\u00e0xim ser\u00e0 de 15 dies des de la signatura del present contracte. Tamb\u00e9 ser\u00e0 motiu de cancel\u00b7laci\u00f3 sense cap penalitzaci\u00f3 pel CLIENT, si amb anterioritat que Instituci\u00f3 Ibars realitzi la valoraci\u00f3 t\u00e8cnica per iniciar el proc\u00e9s de selecci\u00f3 es produeixi la mort de l&#8217;usuari objecte del servei, aix\u00ed com l&#8217;exist\u00e8ncia motius personals o de salut que obliguin a ingressar l&#8217;usuari a un centre especialitzat.  <\/span><\/li>\n<li><span style=\"color: #333333;\">La Garantia de substituci\u00f3 de la persona seleccionada queda anul\u00b7lada en els sup\u00f2sits d&#8217;incompliment amb les condicions laborals de la persona seleccionada, sense que aix\u00f2 suposi la resoluci\u00f3 de la resta de serveis que preveu aquest contracte.<\/span><\/li>\n<li><span style=\"color: #333333;\">La modificaci\u00f3 unilateral de les condicions de treball de la persona seleccionada, segons aquest contracte o condicions salarials i laborals a les inicialment pactades donar\u00e0 lloc a la p\u00e8rdua de garantia administrativa de substituci\u00f3 establertes al punt 15 del present document.<\/span><\/li>\n<li><span style=\"color: #333333;\">El CLIENT podr\u00e0 donar de baixa la Garantia Mensual vinculada als serveis que sustenten aquest contracte, mitjan\u00e7ant un preav\u00eds m\u00ednim de set dies abans del final del mes en curs.<\/span><\/li>\n<\/ol>\n<\/li>\n<li style=\"color: #3b7b37;\">DOMICILI PER A NOTIFICACIONS\n<ol>\n<li><span style=\"color: #333333;\">Per fer qualsevol notificaci\u00f3 entre les parts que tingui com a origen aquest Contracte, aquestes acorden que el seu domicili a efectes d&#8217;aquestes siguin les adreces indicades al principi d&#8217;aquest Contracte, per al CLIENT i\/o AUTORITZATS, per a INSTITUCI IBARS, ser\u00e0 a l&#8217;av. Carrilet 3 edif D Local D 10 de L&#8217;Hospitalet de Llobregat, 08092, a la prov\u00edncia de Barcelona. Perqu\u00e8 una notificaci\u00f3 entre les parts sigui efectuada de forma v\u00e0lida, s&#8217;ha de fer per un mitj\u00e0 fefaent que deixi const\u00e0ncia del moment en qu\u00e8 ha estat enviada, a quina adre\u00e7a ha estat enviada i el moment de la recepci\u00f3 per l&#8217;altra part. Quan es produeixi un canvi al domicili a efectes de notificacions, s&#8217;haur\u00e0 de comunicar aquesta nova informaci\u00f3, al m\u00e9s aviat possible, a l&#8217;altra part i seguint el procediment aqu\u00ed establert.   <\/span><\/li>\n<\/ol>\n<\/li>\n<li style=\"color: #3b7b37;\">ACCIONS LEGALS I JURISDICCI\u00d3\n<ol>\n<li><span style=\"color: #333333;\">Les parts reconeixen quedar obligades pel present Contracte, aix\u00ed com els seus corresponents annexos, si n&#8217;hi ha, i els seus efectes jur\u00eddics i es comprometen al seu compliment de bona fe.<\/span><\/li>\n<li><span style=\"color: #333333;\">Tot litigi relatiu, especialment, per\u00f2 no nom\u00e9s, a la formaci\u00f3, validesa, interpretaci\u00f3, signatura, exist\u00e8ncia, execuci\u00f3 o acabament d&#8217;aquest contracte i, en general, a la relaci\u00f3 establerta entre les parts, se sotmet a la legislaci\u00f3 espanyola.<\/span><\/li>\n<li><span style=\"color: #333333;\">Aix\u00ed, en cas de controv\u00e8rsia, difer\u00e8ncia, conflicte o reclamaci\u00f3 quant al Contracte, o en relaci\u00f3 amb aquest, les parts acorden que se sotmetran a la jurisdicci\u00f3 dels jutjats i tribunals de l&#8217;Hospitalet de Llobregat,<\/span><\/li>\n<\/ol>\n<\/li>\n<\/ol>\n\t\t\t\t\t\t<\/div>\n\t\t\t\t<\/div>\n\t\t\t\t\t<\/div>\n\t\t\t\t<\/div>\n\t\t\t\t\t<\/div>\n\t\t\t\t<\/div>\n\t\t\t\t<\/div>\n\t\t","protected":false},"excerpt":{"rendered":"<p>TERMES I CONDICIONS DEL CONTRACTE DE PRESTACI\u00d3 DE SERVEIS PER A LA SELECCI\u00d3 I GESTI\u00d3 DE CUIDADORS El\/la Sol\u00b7licitant, en endavant \u201cCliente\u201d realitza un contracte mercantil amb INSTITUCI IBARS., CIF G66122953, amb domicili a l&#8217;av. Carrilet 3 Ciutat de la Just\u00edcia, Edif DL 10., 08902 Hospitalet, d&#8217;ara endavant, \u00abel PRESTADOR\u00bb. Que INSTITUCI IBARS entitat dedicada<\/p>\n","protected":false},"author":1,"featured_media":0,"parent":0,"menu_order":0,"comment_status":"closed","ping_status":"closed","template":"","meta":{"site-sidebar-layout":"no-sidebar","site-content-layout":"page-builder","ast-site-content-layout":"full-width-container","site-content-style":"default","site-sidebar-style":"default","ast-global-header-display":"","ast-banner-title-visibility":"","ast-main-header-display":"","ast-hfb-above-header-display":"","ast-hfb-below-header-display":"","ast-hfb-mobile-header-display":"","site-post-title":"disabled","ast-breadcrumbs-content":"","ast-featured-img":"disabled","footer-sml-layout":"","theme-transparent-header-meta":"","adv-header-id-meta":"","stick-header-meta":"","header-above-stick-meta":"","header-main-stick-meta":"","header-below-stick-meta":"","astra-migrate-meta-layouts":"default","ast-page-background-enabled":"default","ast-page-background-meta":{"desktop":{"background-color":"","background-image":"","background-repeat":"repeat","background-position":"center center","background-size":"auto","background-attachment":"scroll","background-type":"","background-media":"","overlay-type":"","overlay-color":"","overlay-opacity":"","overlay-gradient":""},"tablet":{"background-color":"","background-image":"","background-repeat":"repeat","background-position":"center center","background-size":"auto","background-attachment":"scroll","background-type":"","background-media":"","overlay-type":"","overlay-color":"","overlay-opacity":"","overlay-gradient":""},"mobile":{"background-color":"","background-image":"","background-repeat":"repeat","background-position":"center center","background-size":"auto","background-attachment":"scroll","background-type":"","background-media":"","overlay-type":"","overlay-color":"","overlay-opacity":"","overlay-gradient":""}},"ast-content-background-meta":{"desktop":{"background-color":"var(--ast-global-color-5)","background-image":"","background-repeat":"repeat","background-position":"center center","background-size":"auto","background-attachment":"scroll","background-type":"","background-media":"","overlay-type":"","overlay-color":"","overlay-opacity":"","overlay-gradient":""},"tablet":{"background-color":"var(--ast-global-color-5)","background-image":"","background-repeat":"repeat","background-position":"center center","background-size":"auto","background-attachment":"scroll","background-type":"","background-media":"","overlay-type":"","overlay-color":"","overlay-opacity":"","overlay-gradient":""},"mobile":{"background-color":"var(--ast-global-color-5)","background-image":"","background-repeat":"repeat","background-position":"center center","background-size":"auto","background-attachment":"scroll","background-type":"","background-media":"","overlay-type":"","overlay-color":"","overlay-opacity":"","overlay-gradient":""}},"_themeisle_gutenberg_block_has_review":false,"footnotes":""},"class_list":["post-60368","page","type-page","status-publish","hentry"],"yoast_head":"<!-- This site is optimized with the Yoast SEO plugin v23.7 - https:\/\/yoast.com\/wordpress\/plugins\/seo\/ -->\n<title>Termes i condicions servei Basic - Institucio Ibars<\/title>\n<meta name=\"robots\" content=\"index, follow, max-snippet:-1, max-image-preview:large, max-video-preview:-1\" \/>\n<link rel=\"canonical\" href=\"https:\/\/www.institucioibars.com\/ca\/termes-i-condicions-servei-basic\/\" \/>\n<meta property=\"og:locale\" content=\"ca_ES\" \/>\n<meta property=\"og:type\" content=\"article\" \/>\n<meta property=\"og:title\" content=\"Termes i condicions servei Basic - Institucio Ibars\" \/>\n<meta property=\"og:description\" content=\"TERMES I CONDICIONS DEL CONTRACTE DE PRESTACI\u00d3 DE SERVEIS PER A LA SELECCI\u00d3 I GESTI\u00d3 DE CUIDADORS El\/la Sol\u00b7licitant, en endavant \u201cCliente\u201d realitza un contracte mercantil amb INSTITUCI IBARS., CIF G66122953, amb domicili a l&#8217;av. Carrilet 3 Ciutat de la Just\u00edcia, Edif DL 10., 08902 Hospitalet, d&#8217;ara endavant, \u00abel PRESTADOR\u00bb. Que INSTITUCI IBARS entitat dedicada\" \/>\n<meta property=\"og:url\" content=\"https:\/\/www.institucioibars.com\/ca\/termes-i-condicions-servei-basic\/\" \/>\n<meta property=\"og:site_name\" content=\"Institucio Ibars\" \/>\n<meta property=\"article:publisher\" content=\"https:\/\/www.facebook.com\/InstitucioIbars\" \/>\n<meta property=\"article:modified_time\" content=\"2024-09-27T13:25:11+00:00\" \/>\n<meta name=\"twitter:card\" content=\"summary_large_image\" \/>\n<meta name=\"twitter:label1\" content=\"Temps estimat de lectura\" \/>\n\t<meta name=\"twitter:data1\" content=\"24 minuts\" \/>\n<script type=\"application\/ld+json\" class=\"yoast-schema-graph\">{\"@context\":\"https:\/\/schema.org\",\"@graph\":[{\"@type\":\"WebPage\",\"@id\":\"https:\/\/www.institucioibars.com\/ca\/termes-i-condicions-servei-basic\/\",\"url\":\"https:\/\/www.institucioibars.com\/ca\/termes-i-condicions-servei-basic\/\",\"name\":\"Termes i condicions servei Basic - Institucio Ibars\",\"isPartOf\":{\"@id\":\"https:\/\/www.institucioibars.com\/ca\/#website\"},\"datePublished\":\"2024-07-12T09:13:56+00:00\",\"dateModified\":\"2024-09-27T13:25:11+00:00\",\"breadcrumb\":{\"@id\":\"https:\/\/www.institucioibars.com\/ca\/termes-i-condicions-servei-basic\/#breadcrumb\"},\"inLanguage\":\"ca\",\"potentialAction\":[{\"@type\":\"ReadAction\",\"target\":[\"https:\/\/www.institucioibars.com\/ca\/termes-i-condicions-servei-basic\/\"]}]},{\"@type\":\"BreadcrumbList\",\"@id\":\"https:\/\/www.institucioibars.com\/ca\/termes-i-condicions-servei-basic\/#breadcrumb\",\"itemListElement\":[{\"@type\":\"ListItem\",\"position\":1,\"name\":\"Portada\",\"item\":\"https:\/\/www.institucioibars.com\/ca\/\"},{\"@type\":\"ListItem\",\"position\":2,\"name\":\"Termes i condicions servei Basic\"}]},{\"@type\":\"WebSite\",\"@id\":\"https:\/\/www.institucioibars.com\/ca\/#website\",\"url\":\"https:\/\/www.institucioibars.com\/ca\/\",\"name\":\"Institucio Ibars\",\"description\":\"Cuidado de personas mayores y ancianos a Domicilio\",\"publisher\":{\"@id\":\"https:\/\/www.institucioibars.com\/ca\/#organization\"},\"alternateName\":\"Ibars cuidado a mayores\",\"potentialAction\":[{\"@type\":\"SearchAction\",\"target\":{\"@type\":\"EntryPoint\",\"urlTemplate\":\"https:\/\/www.institucioibars.com\/ca\/?s={search_term_string}\"},\"query-input\":{\"@type\":\"PropertyValueSpecification\",\"valueRequired\":true,\"valueName\":\"search_term_string\"}}],\"inLanguage\":\"ca\"},{\"@type\":\"Organization\",\"@id\":\"https:\/\/www.institucioibars.com\/ca\/#organization\",\"name\":\"Instituci\u00f3 Ibars\",\"alternateName\":\"Associacio INSTITUCIO IBARS\",\"url\":\"https:\/\/www.institucioibars.com\/ca\/\",\"logo\":{\"@type\":\"ImageObject\",\"inLanguage\":\"ca\",\"@id\":\"https:\/\/www.institucioibars.com\/ca\/#\/schema\/logo\/image\/\",\"url\":\"https:\/\/www.institucioibars.com\/wp-content\/uploads\/2024\/02\/institucio-ibars-logo.png\",\"contentUrl\":\"https:\/\/www.institucioibars.com\/wp-content\/uploads\/2024\/02\/institucio-ibars-logo.png\",\"width\":250,\"height\":78,\"caption\":\"Instituci\u00f3 Ibars\"},\"image\":{\"@id\":\"https:\/\/www.institucioibars.com\/ca\/#\/schema\/logo\/image\/\"},\"sameAs\":[\"https:\/\/www.facebook.com\/InstitucioIbars\"]}]}<\/script>\n<!-- \/ Yoast SEO plugin. -->","yoast_head_json":{"title":"Termes i condicions servei Basic - Institucio Ibars","robots":{"index":"index","follow":"follow","max-snippet":"max-snippet:-1","max-image-preview":"max-image-preview:large","max-video-preview":"max-video-preview:-1"},"canonical":"https:\/\/www.institucioibars.com\/ca\/termes-i-condicions-servei-basic\/","og_locale":"ca_ES","og_type":"article","og_title":"Termes i condicions servei Basic - Institucio Ibars","og_description":"TERMES I CONDICIONS DEL CONTRACTE DE PRESTACI\u00d3 DE SERVEIS PER A LA SELECCI\u00d3 I GESTI\u00d3 DE CUIDADORS El\/la Sol\u00b7licitant, en endavant \u201cCliente\u201d realitza un contracte mercantil amb INSTITUCI IBARS., CIF G66122953, amb domicili a l&#8217;av. Carrilet 3 Ciutat de la Just\u00edcia, Edif DL 10., 08902 Hospitalet, d&#8217;ara endavant, \u00abel PRESTADOR\u00bb. Que INSTITUCI IBARS entitat dedicada","og_url":"https:\/\/www.institucioibars.com\/ca\/termes-i-condicions-servei-basic\/","og_site_name":"Institucio Ibars","article_publisher":"https:\/\/www.facebook.com\/InstitucioIbars","article_modified_time":"2024-09-27T13:25:11+00:00","twitter_card":"summary_large_image","twitter_misc":{"Temps estimat de lectura":"24 minuts"},"schema":{"@context":"https:\/\/schema.org","@graph":[{"@type":"WebPage","@id":"https:\/\/www.institucioibars.com\/ca\/termes-i-condicions-servei-basic\/","url":"https:\/\/www.institucioibars.com\/ca\/termes-i-condicions-servei-basic\/","name":"Termes i condicions servei Basic - Institucio Ibars","isPartOf":{"@id":"https:\/\/www.institucioibars.com\/ca\/#website"},"datePublished":"2024-07-12T09:13:56+00:00","dateModified":"2024-09-27T13:25:11+00:00","breadcrumb":{"@id":"https:\/\/www.institucioibars.com\/ca\/termes-i-condicions-servei-basic\/#breadcrumb"},"inLanguage":"ca","potentialAction":[{"@type":"ReadAction","target":["https:\/\/www.institucioibars.com\/ca\/termes-i-condicions-servei-basic\/"]}]},{"@type":"BreadcrumbList","@id":"https:\/\/www.institucioibars.com\/ca\/termes-i-condicions-servei-basic\/#breadcrumb","itemListElement":[{"@type":"ListItem","position":1,"name":"Portada","item":"https:\/\/www.institucioibars.com\/ca\/"},{"@type":"ListItem","position":2,"name":"Termes i condicions servei Basic"}]},{"@type":"WebSite","@id":"https:\/\/www.institucioibars.com\/ca\/#website","url":"https:\/\/www.institucioibars.com\/ca\/","name":"Institucio Ibars","description":"Cuidado de personas mayores y ancianos a Domicilio","publisher":{"@id":"https:\/\/www.institucioibars.com\/ca\/#organization"},"alternateName":"Ibars cuidado a mayores","potentialAction":[{"@type":"SearchAction","target":{"@type":"EntryPoint","urlTemplate":"https:\/\/www.institucioibars.com\/ca\/?s={search_term_string}"},"query-input":{"@type":"PropertyValueSpecification","valueRequired":true,"valueName":"search_term_string"}}],"inLanguage":"ca"},{"@type":"Organization","@id":"https:\/\/www.institucioibars.com\/ca\/#organization","name":"Instituci\u00f3 Ibars","alternateName":"Associacio INSTITUCIO IBARS","url":"https:\/\/www.institucioibars.com\/ca\/","logo":{"@type":"ImageObject","inLanguage":"ca","@id":"https:\/\/www.institucioibars.com\/ca\/#\/schema\/logo\/image\/","url":"https:\/\/www.institucioibars.com\/wp-content\/uploads\/2024\/02\/institucio-ibars-logo.png","contentUrl":"https:\/\/www.institucioibars.com\/wp-content\/uploads\/2024\/02\/institucio-ibars-logo.png","width":250,"height":78,"caption":"Instituci\u00f3 Ibars"},"image":{"@id":"https:\/\/www.institucioibars.com\/ca\/#\/schema\/logo\/image\/"},"sameAs":["https:\/\/www.facebook.com\/InstitucioIbars"]}]}},"_links":{"self":[{"href":"https:\/\/www.institucioibars.com\/ca\/wp-json\/wp\/v2\/pages\/60368","targetHints":{"allow":["GET"]}}],"collection":[{"href":"https:\/\/www.institucioibars.com\/ca\/wp-json\/wp\/v2\/pages"}],"about":[{"href":"https:\/\/www.institucioibars.com\/ca\/wp-json\/wp\/v2\/types\/page"}],"author":[{"embeddable":true,"href":"https:\/\/www.institucioibars.com\/ca\/wp-json\/wp\/v2\/users\/1"}],"replies":[{"embeddable":true,"href":"https:\/\/www.institucioibars.com\/ca\/wp-json\/wp\/v2\/comments?post=60368"}],"version-history":[{"count":4,"href":"https:\/\/www.institucioibars.com\/ca\/wp-json\/wp\/v2\/pages\/60368\/revisions"}],"predecessor-version":[{"id":60387,"href":"https:\/\/www.institucioibars.com\/ca\/wp-json\/wp\/v2\/pages\/60368\/revisions\/60387"}],"wp:attachment":[{"href":"https:\/\/www.institucioibars.com\/ca\/wp-json\/wp\/v2\/media?parent=60368"}],"curies":[{"name":"wp","href":"https:\/\/api.w.org\/{rel}","templated":true}]}}