{"id":60305,"date":"2024-07-12T13:55:14","date_gmt":"2024-07-12T11:55:14","guid":{"rendered":"https:\/\/ibars.institucioibars.com\/contractacio-serveis-laborals\/"},"modified":"2024-09-27T15:18:42","modified_gmt":"2024-09-27T13:18:42","slug":"contractacio-serveis-laborals","status":"publish","type":"page","link":"https:\/\/www.institucioibars.com\/ca\/contractacio-serveis-laborals\/","title":{"rendered":"Contractaci\u00f3 serveis laborals"},"content":{"rendered":"\t\t<div data-elementor-type=\"wp-page\" data-elementor-id=\"60305\" class=\"elementor elementor-60305 elementor-58994\">\n\t\t\t\t<div class=\"elementor-element elementor-element-383556e e-flex e-con-boxed wpr-particle-no wpr-jarallax-no wpr-parallax-no wpr-sticky-section-no e-con e-parent\" data-id=\"383556e\" data-element_type=\"container\">\n\t\t\t\t\t<div class=\"e-con-inner\">\n\t\t<div class=\"elementor-element elementor-element-0e4dd2f e-flex e-con-boxed wpr-particle-no wpr-jarallax-no wpr-parallax-no wpr-sticky-section-no e-con e-child\" data-id=\"0e4dd2f\" data-element_type=\"container\" data-settings=\"{&quot;background_background&quot;:&quot;classic&quot;}\">\n\t\t\t\t\t<div class=\"e-con-inner\">\n\t\t\t\t<div class=\"elementor-element elementor-element-fca5879 elementor-widget elementor-widget-heading\" data-id=\"fca5879\" data-element_type=\"widget\" data-widget_type=\"heading.default\">\n\t\t\t\t<div class=\"elementor-widget-container\">\n\t\t\t<h2 class=\"elementor-heading-title elementor-size-default\">  Podeu seleccionar el servei que m\u00e9s s'ajusti a les vostres necessitats  <\/h2>\t\t<\/div>\n\t\t\t\t<\/div>\n\t\t\t\t<div class=\"elementor-element elementor-element-c8b1325 elementor-widget-divider--view-line elementor-widget elementor-widget-divider\" data-id=\"c8b1325\" data-element_type=\"widget\" data-widget_type=\"divider.default\">\n\t\t\t\t<div class=\"elementor-widget-container\">\n\t\t\t\t\t<div class=\"elementor-divider\">\n\t\t\t<span class=\"elementor-divider-separator\">\n\t\t\t\t\t\t<\/span>\n\t\t<\/div>\n\t\t\t\t<\/div>\n\t\t\t\t<\/div>\n\t\t\t\t<div class=\"elementor-element elementor-element-5be3a53 elementor-widget elementor-widget-heading\" data-id=\"5be3a53\" data-element_type=\"widget\" data-widget_type=\"heading.default\">\n\t\t\t\t<div class=\"elementor-widget-container\">\n\t\t\t<h3 class=\"elementor-heading-title elementor-size-default\">Us garantim la m\u00e0xima agilitat i experi\u00e8ncia<\/h3>\t\t<\/div>\n\t\t\t\t<\/div>\n\t\t\t\t<div class=\"elementor-element elementor-element-63e934d elementor-widget elementor-widget-heading\" data-id=\"63e934d\" data-element_type=\"widget\" data-widget_type=\"heading.default\">\n\t\t\t\t<div class=\"elementor-widget-container\">\n\t\t\t<h3 class=\"elementor-heading-title elementor-size-default\">La seva sol\u00b7licitud que ser\u00e0 resolta en el termini m\u00e0xim \u00e9s de 36 hores. <\/h3>\t\t<\/div>\n\t\t\t\t<\/div>\n\t\t\t\t<div class=\"elementor-element elementor-element-10c5c47 elementor-widget elementor-widget-text-editor\" data-id=\"10c5c47\" data-element_type=\"widget\" data-widget_type=\"text-editor.default\">\n\t\t\t\t<div class=\"elementor-widget-container\">\n\t\t\t\t\t\t\t<p>En un sol clic de disposar d&#8217;un servei especialitzat d&#8217;assessoria adaptat a cada necessitat. Especialitzat en r\u00e8gim especial d&#8217;empleats de la Llar. <\/p>\n\t\t\t\t\t\t<\/div>\n\t\t\t\t<\/div>\n\t\t\t\t\t<\/div>\n\t\t\t\t<\/div>\n\t\t\t\t\t<\/div>\n\t\t\t\t<\/div>\n\t\t<div class=\"elementor-element elementor-element-bf5e5fd e-flex e-con-boxed wpr-particle-no wpr-jarallax-no wpr-parallax-no wpr-sticky-section-no e-con e-parent\" data-id=\"bf5e5fd\" data-element_type=\"container\">\n\t\t\t\t\t<div class=\"e-con-inner\">\n\t\t\t\t<div class=\"elementor-element elementor-element-f23e858 elementor-widget elementor-widget-eael-woo-product-list\" data-id=\"f23e858\" data-element_type=\"widget\" data-widget_type=\"eael-woo-product-list.default\">\n\t\t\t\t<div class=\"elementor-widget-container\">\n\t\t\t\n        <div class=\"eael-product-list-wrapper preset-1\">\n            <div class=\"eael-product-list-body woocommerce\">\n                <div class=\"eael-product-list-container\">\n                    <div class=\"eael-post-appender\">\n                        <div class=\"product post-58990 type-product status-publish has-post-thumbnail product_cat-laboral desktop-align-left tablet-align-left mobile-align-left ast-product-gallery-layout-horizontal-slider ast-product-gallery-with-no-image ast-product-tabs-layout-accordion first instock virtual sold-individually taxable purchasable product-type-simple\">\n    <div class=\"eael-product-list-item \">\n                \n        <div class=\"eael-product-list-image-wrap\">\n                                                    \n            \n                <img fetchpriority=\"high\" decoding=\"async\" width=\"300\" height=\"300\" src=\"https:\/\/www.institucioibars.com\/wp-content\/uploads\/2024\/07\/Sin-titulo-1-150x150@2x.png\" class=\"attachment-medium size-medium\" alt=\"Servicio: Contrato Laboral y Alta en seguridad social y pack mensual laboral\" loading=\"eager\" \/>            \n            \n                        <ul class=\"eael-product-list-buttons-on-hover\">\n                                <li class=\"eael-product-list-add-to-cart-button eael-m-0\">\n                    <a href=\"\/ca\/wp-json\/wp\/v2\/pages\/60305?add-to-cart=58990\" aria-describedby=\"woocommerce_loop_add_to_cart_link_describedby_58990\" data-quantity=\"1\" class=\"button product_type_simple add_to_cart_button ajax_add_to_cart \" data-product_id=\"58990\" data-product_sku=\"\" aria-label=\"Afegeix a la cistella: &ldquo;Servicio: Contrato Laboral y Alta en seguridad social y pack mensual laboral&rdquo;\" rel=\"nofollow\" data-success_message=\"&ldquo;Servicio: Contrato Laboral y Alta en seguridad social y pack mensual laboral&rdquo; s&#039;ha afegit a la vostra cistella\" role=\"button\">Afegeix a la cistella<\/a>\t<span id=\"woocommerce_loop_add_to_cart_link_describedby_58990\" class=\"screen-reader-text\">\n\t\t\t<\/span>\n                <\/li>\n                \n                                <li class=\"eael-product-list-quick-view-button eael-m-0\">\n                    <a id=\"eael_quick_view_69f33c66eb1a9\" data-quickview-setting=\"{&quot;widget_id&quot;:&quot;f23e858&quot;,&quot;product_id&quot;:58990,&quot;page_id&quot;:60305}\" class=\"open-popup-link\"><i class=\"fas fa-eye\"><\/i><\/a>\n                <\/li>\n                \n                            <\/ul>\n                    <\/div>\n\n        <div class=\"eael-product-list-content-wrap\">\n            \n            <div class=\"eael-product-list-content-header \" >\n                                \n                <div class=\"eael-product-list-notice eael-product-list-notice-shiping-free\">\n                                    <\/div>\n            <\/div>\n            <div class=\"eael-product-list-content-body\">\n                            <h2 class=\"eael-product-list-title\">\n                                <a href=\"https:\/\/www.institucioibars.com\/ca\/producto\/servicio-contrato-laboral-y-alta-en-seguridad-social-y-pack-mensual-laboral\/\" class=\"woocommerce-LoopProduct-link woocommerce-loop-product__link\">\n                    Servicio: Contrato Laboral y Alta en seguridad social y pack mensual laboral                <\/a>\n                            <\/h2>\n        \n                                <div class=\"eael-product-list-excerpt\">\n                    Servicio de asesoramiento, elaboraci\u00f3n de contrato laboral y tramitaci\u00f3n de alta en seguridad social para trabajador\/a en r\u00e9gimen especial de empleados del hogar.\u00a0 As\u00ed mismo contrata a partir del mes...                <\/div>\n                \n                                <h3 class=\"eael-product-list-price\">\n                    <span class=\"woocommerce-Price-amount amount\">80,00&nbsp;<span class=\"woocommerce-Price-currencySymbol\">&euro;<\/span><\/span>                <\/h3>\n                            <\/div>\n            <div class=\"eael-product-list-content-footer\">\n                \n                                <div class=\"eael-product-list-buttons\">\n                                        <p class=\"eael-product-list-add-to-cart-button eael-m-0\"><a href=\"\/ca\/wp-json\/wp\/v2\/pages\/60305?add-to-cart=58990\" aria-describedby=\"woocommerce_loop_add_to_cart_link_describedby_58990\" data-quantity=\"1\" class=\"button product_type_simple add_to_cart_button ajax_add_to_cart \" data-product_id=\"58990\" data-product_sku=\"\" aria-label=\"Afegeix a la cistella: &ldquo;Servicio: Contrato Laboral y Alta en seguridad social y pack mensual laboral&rdquo;\" rel=\"nofollow\" data-success_message=\"&ldquo;Servicio: Contrato Laboral y Alta en seguridad social y pack mensual laboral&rdquo; s&#039;ha afegit a la vostra cistella\" role=\"button\">Afegeix a la cistella<\/a>\t<span id=\"woocommerce_loop_add_to_cart_link_describedby_58990\" class=\"screen-reader-text\">\n\t\t\t<\/span>\n<\/p>\n                    \n                                        <p class=\"eael-product-list-quick-view-button eael-m-0\">\n                        <a id=\"eael_quick_view_69f33c66ec45a\" data-quickview-setting=\"{&quot;widget_id&quot;:&quot;f23e858&quot;,&quot;product_id&quot;:58990,&quot;page_id&quot;:60305}\" class=\"open-popup-link\">\n                            Ver producto                        <\/a>\n                    <\/p>\n                                    <\/div>\n                            <\/div>\n        <\/div>\n    <\/div>\n<\/div><div class=\"product post-58993 type-product status-publish has-post-thumbnail product_cat-laboral desktop-align-left tablet-align-left mobile-align-left ast-product-gallery-layout-horizontal-slider ast-product-gallery-with-no-image ast-product-tabs-layout-accordion  instock virtual sold-individually taxable purchasable product-type-simple\">\n    <div class=\"eael-product-list-item \">\n                \n        <div class=\"eael-product-list-image-wrap\">\n                                                    \n            \n                <img decoding=\"async\" width=\"300\" height=\"300\" src=\"https:\/\/www.institucioibars.com\/wp-content\/uploads\/2024\/07\/Sin-titulo-2-150x150@2x.png\" class=\"attachment-medium size-medium\" alt=\"Servicio: Contrato Laboral y Alta en seguridad social\" loading=\"eager\" \/>            \n            \n                        <ul class=\"eael-product-list-buttons-on-hover\">\n                                <li class=\"eael-product-list-add-to-cart-button eael-m-0\">\n                    <a href=\"\/ca\/wp-json\/wp\/v2\/pages\/60305?add-to-cart=58993\" aria-describedby=\"woocommerce_loop_add_to_cart_link_describedby_58993\" data-quantity=\"1\" class=\"button product_type_simple add_to_cart_button ajax_add_to_cart \" data-product_id=\"58993\" data-product_sku=\"\" aria-label=\"Afegeix a la cistella: &ldquo;Servicio: Contrato Laboral y Alta en seguridad social&rdquo;\" rel=\"nofollow\" data-success_message=\"&ldquo;Servicio: Contrato Laboral y Alta en seguridad social&rdquo; s&#039;ha afegit a la vostra cistella\" role=\"button\">Afegeix a la cistella<\/a>\t<span id=\"woocommerce_loop_add_to_cart_link_describedby_58993\" class=\"screen-reader-text\">\n\t\t\t<\/span>\n                <\/li>\n                \n                                <li class=\"eael-product-list-quick-view-button eael-m-0\">\n                    <a id=\"eael_quick_view_69f33c66ee547\" data-quickview-setting=\"{&quot;widget_id&quot;:&quot;f23e858&quot;,&quot;product_id&quot;:58993,&quot;page_id&quot;:60305}\" class=\"open-popup-link\"><i class=\"fas fa-eye\"><\/i><\/a>\n                <\/li>\n                \n                            <\/ul>\n                    <\/div>\n\n        <div class=\"eael-product-list-content-wrap\">\n            \n            <div class=\"eael-product-list-content-header \" >\n                                \n                <div class=\"eael-product-list-notice eael-product-list-notice-shiping-free\">\n                                    <\/div>\n            <\/div>\n            <div class=\"eael-product-list-content-body\">\n                            <h2 class=\"eael-product-list-title\">\n                                <a href=\"https:\/\/www.institucioibars.com\/ca\/producto\/servicio-contrato-laboral-y-alta-en-seguridad-social\/\" class=\"woocommerce-LoopProduct-link woocommerce-loop-product__link\">\n                    Servicio: Contrato Laboral y Alta en seguridad social                <\/a>\n                            <\/h2>\n        \n                                <div class=\"eael-product-list-excerpt\">\n                    Servicio de asesoramiento, elaboraci\u00f3n de contrato laboral y tramitaci\u00f3n de alta en seguridad social para trabajador\/a en r\u00e9gimen especial de empleados del hogar.                <\/div>\n                \n                                <h3 class=\"eael-product-list-price\">\n                    <span class=\"woocommerce-Price-amount amount\">80,00&nbsp;<span class=\"woocommerce-Price-currencySymbol\">&euro;<\/span><\/span>                <\/h3>\n                            <\/div>\n            <div class=\"eael-product-list-content-footer\">\n                \n                                <div class=\"eael-product-list-buttons\">\n                                        <p class=\"eael-product-list-add-to-cart-button eael-m-0\"><a href=\"\/ca\/wp-json\/wp\/v2\/pages\/60305?add-to-cart=58993\" aria-describedby=\"woocommerce_loop_add_to_cart_link_describedby_58993\" data-quantity=\"1\" class=\"button product_type_simple add_to_cart_button ajax_add_to_cart \" data-product_id=\"58993\" data-product_sku=\"\" aria-label=\"Afegeix a la cistella: &ldquo;Servicio: Contrato Laboral y Alta en seguridad social&rdquo;\" rel=\"nofollow\" data-success_message=\"&ldquo;Servicio: Contrato Laboral y Alta en seguridad social&rdquo; s&#039;ha afegit a la vostra cistella\" role=\"button\">Afegeix a la cistella<\/a>\t<span id=\"woocommerce_loop_add_to_cart_link_describedby_58993\" class=\"screen-reader-text\">\n\t\t\t<\/span>\n<\/p>\n                    \n                                        <p class=\"eael-product-list-quick-view-button eael-m-0\">\n                        <a id=\"eael_quick_view_69f33c66ee9ba\" data-quickview-setting=\"{&quot;widget_id&quot;:&quot;f23e858&quot;,&quot;product_id&quot;:58993,&quot;page_id&quot;:60305}\" class=\"open-popup-link\">\n                            Ver producto                        <\/a>\n                    <\/p>\n                                    <\/div>\n                            <\/div>\n        <\/div>\n    <\/div>\n<\/div><div class=\"product post-58998 type-product status-publish has-post-thumbnail product_cat-laboral desktop-align-left tablet-align-left mobile-align-left ast-product-gallery-layout-horizontal-slider ast-product-gallery-with-no-image ast-product-tabs-layout-accordion  instock virtual taxable purchasable product-type-simple\">\n    <div class=\"eael-product-list-item \">\n                \n        <div class=\"eael-product-list-image-wrap\">\n                                                    \n            \n                <img decoding=\"async\" width=\"300\" height=\"158\" src=\"https:\/\/www.institucioibars.com\/wp-content\/uploads\/2024\/07\/Sin-titulo-2-1-300x158@2x-300x158.png\" class=\"attachment-medium size-medium\" alt=\"Pack laboral Mensual tarifa plana\" loading=\"eager\" \/>            \n            \n                        <ul class=\"eael-product-list-buttons-on-hover\">\n                                <li class=\"eael-product-list-add-to-cart-button eael-m-0\">\n                    <a href=\"\/ca\/wp-json\/wp\/v2\/pages\/60305?add-to-cart=58998\" aria-describedby=\"woocommerce_loop_add_to_cart_link_describedby_58998\" data-quantity=\"1\" class=\"button product_type_simple add_to_cart_button ajax_add_to_cart \" data-product_id=\"58998\" data-product_sku=\"\" aria-label=\"Afegeix a la cistella: &ldquo;Pack laboral Mensual tarifa plana&rdquo;\" rel=\"nofollow\" data-success_message=\"&ldquo;Pack laboral Mensual tarifa plana&rdquo; s&#039;ha afegit a la vostra cistella\" role=\"button\">Afegeix a la cistella<\/a>\t<span id=\"woocommerce_loop_add_to_cart_link_describedby_58998\" class=\"screen-reader-text\">\n\t\t\t<\/span>\n                <\/li>\n                \n                                <li class=\"eael-product-list-quick-view-button eael-m-0\">\n                    <a id=\"eael_quick_view_69f33c66ef536\" data-quickview-setting=\"{&quot;widget_id&quot;:&quot;f23e858&quot;,&quot;product_id&quot;:58998,&quot;page_id&quot;:60305}\" class=\"open-popup-link\"><i class=\"fas fa-eye\"><\/i><\/a>\n                <\/li>\n                \n                            <\/ul>\n                    <\/div>\n\n        <div class=\"eael-product-list-content-wrap\">\n            \n            <div class=\"eael-product-list-content-header \" >\n                                \n                <div class=\"eael-product-list-notice eael-product-list-notice-shiping-free\">\n                                    <\/div>\n            <\/div>\n            <div class=\"eael-product-list-content-body\">\n                            <h2 class=\"eael-product-list-title\">\n                                <a href=\"https:\/\/www.institucioibars.com\/ca\/producto\/pack-laboral-mensual-tarifa-plana\/\" class=\"woocommerce-LoopProduct-link woocommerce-loop-product__link\">\n                    Pack laboral Mensual tarifa plana                <\/a>\n                            <\/h2>\n        \n                                <div class=\"eael-product-list-excerpt\">\n                    Realizaci\u00f3n de gestiones para un trabajador contrataci\u00f3n tarifa plana\u00a0 22 \u20ac\/mes\u00a0 \u00a0m\u00ednimo de contrataci\u00f3n 4 meses. a partir de esos cuatro meses se le cobrar\u00e1 mediante recibo domiciliado mensualmente. Altas,...                <\/div>\n                \n                                <h3 class=\"eael-product-list-price\">\n                    <span class=\"woocommerce-Price-amount amount\">88,00&nbsp;<span class=\"woocommerce-Price-currencySymbol\">&euro;<\/span><\/span>                <\/h3>\n                            <\/div>\n            <div class=\"eael-product-list-content-footer\">\n                \n                                <div class=\"eael-product-list-buttons\">\n                                        <p class=\"eael-product-list-add-to-cart-button eael-m-0\"><a href=\"\/ca\/wp-json\/wp\/v2\/pages\/60305?add-to-cart=58998\" aria-describedby=\"woocommerce_loop_add_to_cart_link_describedby_58998\" data-quantity=\"1\" class=\"button product_type_simple add_to_cart_button ajax_add_to_cart \" data-product_id=\"58998\" data-product_sku=\"\" aria-label=\"Afegeix a la cistella: &ldquo;Pack laboral Mensual tarifa plana&rdquo;\" rel=\"nofollow\" data-success_message=\"&ldquo;Pack laboral Mensual tarifa plana&rdquo; s&#039;ha afegit a la vostra cistella\" role=\"button\">Afegeix a la cistella<\/a>\t<span id=\"woocommerce_loop_add_to_cart_link_describedby_58998\" class=\"screen-reader-text\">\n\t\t\t<\/span>\n<\/p>\n                    \n                                        <p class=\"eael-product-list-quick-view-button eael-m-0\">\n                        <a id=\"eael_quick_view_69f33c66ef909\" data-quickview-setting=\"{&quot;widget_id&quot;:&quot;f23e858&quot;,&quot;product_id&quot;:58998,&quot;page_id&quot;:60305}\" class=\"open-popup-link\">\n                            Ver producto                        <\/a>\n                    <\/p>\n                                    <\/div>\n                            <\/div>\n        <\/div>\n    <\/div>\n<\/div><div class=\"product post-59002 type-product status-publish has-post-thumbnail product_cat-laboral desktop-align-left tablet-align-left mobile-align-left ast-product-gallery-layout-horizontal-slider ast-product-gallery-with-no-image ast-product-tabs-layout-accordion last instock virtual sold-individually taxable purchasable product-type-simple\">\n    <div class=\"eael-product-list-item \">\n                \n        <div class=\"eael-product-list-image-wrap\">\n                                                    \n            \n                <img decoding=\"async\" width=\"288\" height=\"300\" src=\"https:\/\/www.institucioibars.com\/wp-content\/uploads\/2024\/07\/6.-Imagen-nominas-600x626-1-288x300.png\" class=\"attachment-medium size-medium\" alt=\"Modelo n\u00f3mina de su trabajador\" loading=\"eager\" \/>            \n            \n                        <ul class=\"eael-product-list-buttons-on-hover\">\n                                <li class=\"eael-product-list-add-to-cart-button eael-m-0\">\n                    <a href=\"\/ca\/wp-json\/wp\/v2\/pages\/60305?add-to-cart=59002\" aria-describedby=\"woocommerce_loop_add_to_cart_link_describedby_59002\" data-quantity=\"1\" class=\"button product_type_simple add_to_cart_button ajax_add_to_cart \" data-product_id=\"59002\" data-product_sku=\"\" aria-label=\"Afegeix a la cistella: &ldquo;Modelo n\u00f3mina de su trabajador&rdquo;\" rel=\"nofollow\" data-success_message=\"&ldquo;Modelo n\u00f3mina de su trabajador&rdquo; s&#039;ha afegit a la vostra cistella\" role=\"button\">Afegeix a la cistella<\/a>\t<span id=\"woocommerce_loop_add_to_cart_link_describedby_59002\" class=\"screen-reader-text\">\n\t\t\t<\/span>\n                <\/li>\n                \n                                <li class=\"eael-product-list-quick-view-button eael-m-0\">\n                    <a id=\"eael_quick_view_69f33c66f0489\" data-quickview-setting=\"{&quot;widget_id&quot;:&quot;f23e858&quot;,&quot;product_id&quot;:59002,&quot;page_id&quot;:60305}\" class=\"open-popup-link\"><i class=\"fas fa-eye\"><\/i><\/a>\n                <\/li>\n                \n                            <\/ul>\n                    <\/div>\n\n        <div class=\"eael-product-list-content-wrap\">\n            \n            <div class=\"eael-product-list-content-header \" >\n                                \n                <div class=\"eael-product-list-notice eael-product-list-notice-shiping-free\">\n                                    <\/div>\n            <\/div>\n            <div class=\"eael-product-list-content-body\">\n                            <h2 class=\"eael-product-list-title\">\n                                <a href=\"https:\/\/www.institucioibars.com\/ca\/producto\/modelo-nomina-de-su-trabajador\/\" class=\"woocommerce-LoopProduct-link woocommerce-loop-product__link\">\n                    Modelo n\u00f3mina de su trabajador                <\/a>\n                            <\/h2>\n        \n                                <div class=\"eael-product-list-excerpt\">\n                    Elaboraci\u00f3n de una n\u00f3mina ejemplo en hoja de c\u00e1lculo de su trabajador\/a una vez verificada toda la informaci\u00f3n laboral de que dispone alta y contrato laboral.                <\/div>\n                \n                                <h3 class=\"eael-product-list-price\">\n                    <span class=\"woocommerce-Price-amount amount\">20,00&nbsp;<span class=\"woocommerce-Price-currencySymbol\">&euro;<\/span><\/span>                <\/h3>\n                            <\/div>\n            <div class=\"eael-product-list-content-footer\">\n                \n                                <div class=\"eael-product-list-buttons\">\n                                        <p class=\"eael-product-list-add-to-cart-button eael-m-0\"><a href=\"\/ca\/wp-json\/wp\/v2\/pages\/60305?add-to-cart=59002\" aria-describedby=\"woocommerce_loop_add_to_cart_link_describedby_59002\" data-quantity=\"1\" class=\"button product_type_simple add_to_cart_button ajax_add_to_cart \" data-product_id=\"59002\" data-product_sku=\"\" aria-label=\"Afegeix a la cistella: &ldquo;Modelo n\u00f3mina de su trabajador&rdquo;\" rel=\"nofollow\" data-success_message=\"&ldquo;Modelo n\u00f3mina de su trabajador&rdquo; s&#039;ha afegit a la vostra cistella\" role=\"button\">Afegeix a la cistella<\/a>\t<span id=\"woocommerce_loop_add_to_cart_link_describedby_59002\" class=\"screen-reader-text\">\n\t\t\t<\/span>\n<\/p>\n                    \n                                        <p class=\"eael-product-list-quick-view-button eael-m-0\">\n                        <a id=\"eael_quick_view_69f33c66f08a4\" data-quickview-setting=\"{&quot;widget_id&quot;:&quot;f23e858&quot;,&quot;product_id&quot;:59002,&quot;page_id&quot;:60305}\" class=\"open-popup-link\">\n                            Ver producto                        <\/a>\n                    <\/p>\n                                    <\/div>\n                            <\/div>\n        <\/div>\n    <\/div>\n<\/div><div class=\"product post-59005 type-product status-publish has-post-thumbnail product_cat-laboral desktop-align-left tablet-align-left mobile-align-left ast-product-gallery-layout-horizontal-slider ast-product-gallery-with-no-image ast-product-tabs-layout-accordion first instock virtual sold-individually taxable purchasable product-type-simple\">\n    <div class=\"eael-product-list-item \">\n                \n        <div class=\"eael-product-list-image-wrap\">\n                                                    \n            \n                <img decoding=\"async\" width=\"300\" height=\"226\" src=\"https:\/\/www.institucioibars.com\/wp-content\/uploads\/2024\/07\/seguridad-social-seguros-sociales-nominas-300x226@2x-300x226.png\" class=\"attachment-medium size-medium\" alt=\"Actualizaci\u00f3n remuneraciones (altas o bajas ) en Seguridad social\" loading=\"eager\" \/>            \n            \n                        <ul class=\"eael-product-list-buttons-on-hover\">\n                                <li class=\"eael-product-list-add-to-cart-button eael-m-0\">\n                    <a href=\"\/ca\/wp-json\/wp\/v2\/pages\/60305?add-to-cart=59005\" aria-describedby=\"woocommerce_loop_add_to_cart_link_describedby_59005\" data-quantity=\"1\" class=\"button product_type_simple add_to_cart_button ajax_add_to_cart \" data-product_id=\"59005\" data-product_sku=\"\" aria-label=\"Afegeix a la cistella: &ldquo;Actualizaci\u00f3n remuneraciones (altas o bajas ) en Seguridad social&rdquo;\" rel=\"nofollow\" data-success_message=\"&ldquo;Actualizaci\u00f3n remuneraciones (altas o bajas ) en Seguridad social&rdquo; s&#039;ha afegit a la vostra cistella\" role=\"button\">Afegeix a la cistella<\/a>\t<span id=\"woocommerce_loop_add_to_cart_link_describedby_59005\" class=\"screen-reader-text\">\n\t\t\t<\/span>\n                <\/li>\n                \n                                <li class=\"eael-product-list-quick-view-button eael-m-0\">\n                    <a id=\"eael_quick_view_69f33c66f1410\" data-quickview-setting=\"{&quot;widget_id&quot;:&quot;f23e858&quot;,&quot;product_id&quot;:59005,&quot;page_id&quot;:60305}\" class=\"open-popup-link\"><i class=\"fas fa-eye\"><\/i><\/a>\n                <\/li>\n                \n                            <\/ul>\n                    <\/div>\n\n        <div class=\"eael-product-list-content-wrap\">\n            \n            <div class=\"eael-product-list-content-header \" >\n                                \n                <div class=\"eael-product-list-notice eael-product-list-notice-shiping-free\">\n                                    <\/div>\n            <\/div>\n            <div class=\"eael-product-list-content-body\">\n                            <h2 class=\"eael-product-list-title\">\n                                <a href=\"https:\/\/www.institucioibars.com\/ca\/producto\/actualizacion-remuneraciones-altas-o-bajas-en-seguridad-social\/\" class=\"woocommerce-LoopProduct-link woocommerce-loop-product__link\">\n                    Actualizaci\u00f3n remuneraciones (altas o bajas ) en Seguridad social                <\/a>\n                            <\/h2>\n        \n                                <div class=\"eael-product-list-excerpt\">\n                    Adaptaci\u00f3n remuneraci\u00f3n al contrato laboral actual o al SMI. Alta del trabajador\/a en seguridad social. Baja del trabajador\/a en seguridad social.                <\/div>\n                \n                                <h3 class=\"eael-product-list-price\">\n                    <span class=\"woocommerce-Price-amount amount\">30,00&nbsp;<span class=\"woocommerce-Price-currencySymbol\">&euro;<\/span><\/span>                <\/h3>\n                            <\/div>\n            <div class=\"eael-product-list-content-footer\">\n                \n                                <div class=\"eael-product-list-buttons\">\n                                        <p class=\"eael-product-list-add-to-cart-button eael-m-0\"><a href=\"\/ca\/wp-json\/wp\/v2\/pages\/60305?add-to-cart=59005\" aria-describedby=\"woocommerce_loop_add_to_cart_link_describedby_59005\" data-quantity=\"1\" class=\"button product_type_simple add_to_cart_button ajax_add_to_cart \" data-product_id=\"59005\" data-product_sku=\"\" aria-label=\"Afegeix a la cistella: &ldquo;Actualizaci\u00f3n remuneraciones (altas o bajas ) en Seguridad social&rdquo;\" rel=\"nofollow\" data-success_message=\"&ldquo;Actualizaci\u00f3n remuneraciones (altas o bajas ) en Seguridad social&rdquo; s&#039;ha afegit a la vostra cistella\" role=\"button\">Afegeix a la cistella<\/a>\t<span id=\"woocommerce_loop_add_to_cart_link_describedby_59005\" class=\"screen-reader-text\">\n\t\t\t<\/span>\n<\/p>\n                    \n                                        <p class=\"eael-product-list-quick-view-button eael-m-0\">\n                        <a id=\"eael_quick_view_69f33c66f17dd\" data-quickview-setting=\"{&quot;widget_id&quot;:&quot;f23e858&quot;,&quot;product_id&quot;:59005,&quot;page_id&quot;:60305}\" class=\"open-popup-link\">\n                            Ver producto                        <\/a>\n                    <\/p>\n                                    <\/div>\n                            <\/div>\n        <\/div>\n    <\/div>\n<\/div><div class=\"product post-59008 type-product status-publish has-post-thumbnail product_cat-sin-categorizar desktop-align-left tablet-align-left mobile-align-left ast-product-gallery-layout-horizontal-slider ast-product-gallery-with-no-image ast-product-tabs-layout-accordion  instock virtual taxable purchasable product-type-simple\">\n    <div class=\"eael-product-list-item \">\n                \n        <div class=\"eael-product-list-image-wrap\">\n                                                    \n            \n                <img decoding=\"async\" width=\"288\" height=\"300\" src=\"https:\/\/www.institucioibars.com\/wp-content\/uploads\/2024\/07\/6.-Imagen-nominas-600x626-1-288x300.png\" class=\"attachment-medium size-medium\" alt=\"Servicio elaboraci\u00f3n nomina mensual 9,5 \u20ac\/mes  -Contrataci\u00f3n m\u00ednima cinco mensualidades-\" loading=\"eager\" \/>            \n            \n                        <ul class=\"eael-product-list-buttons-on-hover\">\n                                <li class=\"eael-product-list-add-to-cart-button eael-m-0\">\n                    <a href=\"\/ca\/wp-json\/wp\/v2\/pages\/60305?add-to-cart=59008\" aria-describedby=\"woocommerce_loop_add_to_cart_link_describedby_59008\" data-quantity=\"1\" class=\"button product_type_simple add_to_cart_button ajax_add_to_cart \" data-product_id=\"59008\" data-product_sku=\"\" aria-label=\"Afegeix a la cistella: &ldquo;Servicio elaboraci\u00f3n nomina mensual 9,5 \u20ac\/mes  -Contrataci\u00f3n m\u00ednima cinco mensualidades-&rdquo;\" rel=\"nofollow\" data-success_message=\"&ldquo;Servicio elaboraci\u00f3n nomina mensual 9,5 \u20ac\/mes  -Contrataci\u00f3n m\u00ednima cinco mensualidades-&rdquo; s&#039;ha afegit a la vostra cistella\" role=\"button\">Afegeix a la cistella<\/a>\t<span id=\"woocommerce_loop_add_to_cart_link_describedby_59008\" class=\"screen-reader-text\">\n\t\t\t<\/span>\n                <\/li>\n                \n                                <li class=\"eael-product-list-quick-view-button eael-m-0\">\n                    <a id=\"eael_quick_view_69f33c66f1fa3\" data-quickview-setting=\"{&quot;widget_id&quot;:&quot;f23e858&quot;,&quot;product_id&quot;:59008,&quot;page_id&quot;:60305}\" class=\"open-popup-link\"><i class=\"fas fa-eye\"><\/i><\/a>\n                <\/li>\n                \n                            <\/ul>\n                    <\/div>\n\n        <div class=\"eael-product-list-content-wrap\">\n            \n            <div class=\"eael-product-list-content-header \" >\n                                \n                <div class=\"eael-product-list-notice eael-product-list-notice-shiping-free\">\n                                    <\/div>\n            <\/div>\n            <div class=\"eael-product-list-content-body\">\n                            <h2 class=\"eael-product-list-title\">\n                                <a href=\"https:\/\/www.institucioibars.com\/ca\/producto\/servicio-elaboracion-nomina-mensual-95-e-mes-contratacion-minima-cinco-mensualidades\/\" class=\"woocommerce-LoopProduct-link woocommerce-loop-product__link\">\n                    Servicio elaboraci\u00f3n nomina mensual 9,5 \u20ac\/mes  -Contrataci\u00f3n m\u00ednima cinco mensualidades-                <\/a>\n                            <\/h2>\n        \n                                <div class=\"eael-product-list-excerpt\">\n                    El servicio de elaboraci\u00f3n de n\u00f3mina mensual se cobra\u00a0 por trabajador\/a adscrito y no contempla ninguna gesti\u00f3n frente a seguridad social o cualquier otro organismo sino: Elaboraci\u00f3n de n\u00f3mina en...                <\/div>\n                \n                                <h3 class=\"eael-product-list-price\">\n                    <span class=\"woocommerce-Price-amount amount\">47,50&nbsp;<span class=\"woocommerce-Price-currencySymbol\">&euro;<\/span><\/span>                <\/h3>\n                            <\/div>\n            <div class=\"eael-product-list-content-footer\">\n                \n                                <div class=\"eael-product-list-buttons\">\n                                        <p class=\"eael-product-list-add-to-cart-button eael-m-0\"><a href=\"\/ca\/wp-json\/wp\/v2\/pages\/60305?add-to-cart=59008\" aria-describedby=\"woocommerce_loop_add_to_cart_link_describedby_59008\" data-quantity=\"1\" class=\"button product_type_simple add_to_cart_button ajax_add_to_cart \" data-product_id=\"59008\" data-product_sku=\"\" aria-label=\"Afegeix a la cistella: &ldquo;Servicio elaboraci\u00f3n nomina mensual 9,5 \u20ac\/mes  -Contrataci\u00f3n m\u00ednima cinco mensualidades-&rdquo;\" rel=\"nofollow\" data-success_message=\"&ldquo;Servicio elaboraci\u00f3n nomina mensual 9,5 \u20ac\/mes  -Contrataci\u00f3n m\u00ednima cinco mensualidades-&rdquo; s&#039;ha afegit a la vostra cistella\" role=\"button\">Afegeix a la cistella<\/a>\t<span id=\"woocommerce_loop_add_to_cart_link_describedby_59008\" class=\"screen-reader-text\">\n\t\t\t<\/span>\n<\/p>\n                    \n                                        <p class=\"eael-product-list-quick-view-button eael-m-0\">\n                        <a id=\"eael_quick_view_69f33c66f2318\" data-quickview-setting=\"{&quot;widget_id&quot;:&quot;f23e858&quot;,&quot;product_id&quot;:59008,&quot;page_id&quot;:60305}\" class=\"open-popup-link\">\n                            Ver producto                        <\/a>\n                    <\/p>\n                                    <\/div>\n                            <\/div>\n        <\/div>\n    <\/div>\n<\/div>                    <\/div>\n\n                    \n                <\/div>\n            <\/div>\n        <\/div>\n\n\t\t\t\t<\/div>\n\t\t\t\t<\/div>\n\t\t\t\t\t<\/div>\n\t\t\t\t<\/div>\n\t\t<div class=\"elementor-element elementor-element-6c05f03 e-flex e-con-boxed wpr-particle-no wpr-jarallax-no wpr-parallax-no wpr-sticky-section-no e-con e-parent\" data-id=\"6c05f03\" data-element_type=\"container\" data-settings=\"{&quot;background_background&quot;:&quot;classic&quot;}\">\n\t\t\t\t\t<div class=\"e-con-inner\">\n\t\t\t\t<div class=\"elementor-element elementor-element-fd5fade elementor-widget elementor-widget-heading\" data-id=\"fd5fade\" data-element_type=\"widget\" data-widget_type=\"heading.default\">\n\t\t\t\t<div class=\"elementor-widget-container\">\n\t\t\t<h3 class=\"elementor-heading-title elementor-size-default\">No teniu targeta de cr\u00e8dit\/d\u00e8bit o preferiu fer una transfer\u00e8ncia? Cap problema! <\/h3>\t\t<\/div>\n\t\t\t\t<\/div>\n\t\t\t\t<div class=\"elementor-element elementor-element-33e0bc5 elementor-widget-divider--view-line elementor-widget elementor-widget-divider\" data-id=\"33e0bc5\" data-element_type=\"widget\" data-widget_type=\"divider.default\">\n\t\t\t\t<div class=\"elementor-widget-container\">\n\t\t\t\t\t<div class=\"elementor-divider\">\n\t\t\t<span class=\"elementor-divider-separator\">\n\t\t\t\t\t\t<\/span>\n\t\t<\/div>\n\t\t\t\t<\/div>\n\t\t\t\t<\/div>\n\t\t\t\t<div class=\"elementor-element elementor-element-0c01cf1 elementor-widget elementor-widget-text-editor\" data-id=\"0c01cf1\" data-element_type=\"widget\" data-widget_type=\"text-editor.default\">\n\t\t\t\t<div class=\"elementor-widget-container\">\n\t\t\t\t\t\t\t<ol>\n<li dir=\"ltr\">\n<p dir=\"ltr\">Feu una transfer\u00e8ncia per l&#8217;import al seg\u00fcent n\u00famero de compte corrent indicant \u201cAneu del servei: NIF CLIENT\u201d<\/p>\n<p dir=\"ltr\"><strong>NOMBRE DE COMPTE:<\/strong> ES14 0081 0161 7500 0133 0837<\/p>\n<p dir=\"ltr\"><strong>CONCEPTE:<\/strong> Quota d&#8217;Alta de Servei NIF \u201cCLIENT\u201d<\/p>\n<\/li>\n<\/ol>\n<ol start=\"2\">\n<li dir=\"ltr\">\n<p dir=\"ltr\">Als serveis mensuals, \u00fanicament ha de realitzar el pagament del primer mes, posteriorment la resta de mesos aniran domiciliats<\/p>\n<\/li>\n<li dir=\"ltr\">\n<p dir=\"ltr\">El nostre equip contactar\u00e0 en un m\u00e0xim de 24 hores (1 dia h\u00e0bil) per procedir a sol\u00b7licitar-li la resta de dades que calguin i fer les gestions sol\u00b7licitades.<\/p>\n<\/li>\n<\/ol>\n\t\t\t\t\t\t<\/div>\n\t\t\t\t<\/div>\n\t\t\t\t<div class=\"elementor-element elementor-element-48a0bf9 uael-cf7-style-box uael-cf7-input-size-sm uael-cf7-button-left uael-cf7-btn-size-sm uael-cf7-highlight-style-default elementor-widget elementor-widget-uael-cf7-styler\" data-id=\"48a0bf9\" data-element_type=\"widget\" data-widget_type=\"uael-cf7-styler.default\">\n\t\t\t\t<div class=\"elementor-widget-container\">\n\t\t\t\t\t\t\t<div class = \"uael-cf7-container\">\n\t\t\t\t\t\t<div class = \"uael-cf7 uael-cf7-style elementor-clickable\">\n\t\t\t\t\t\t\n<div class=\"wpcf7 no-js\" id=\"wpcf7-f57943-o1\" lang=\"ca\" dir=\"ltr\" data-wpcf7-id=\"57943\">\n<div class=\"screen-reader-response\"><p role=\"status\" aria-live=\"polite\" aria-atomic=\"true\"><\/p> <ul><\/ul><\/div>\n<form action=\"\/ca\/wp-json\/wp\/v2\/pages\/60305#wpcf7-f57943-o1\" method=\"post\" class=\"wpcf7-form init\" aria-label=\"Formulari de contacte\" novalidate=\"novalidate\" data-status=\"init\">\n<fieldset class=\"hidden-fields-container\"><input type=\"hidden\" name=\"_wpcf7\" value=\"57943\" \/><input type=\"hidden\" name=\"_wpcf7_version\" value=\"6.1.3\" \/><input type=\"hidden\" name=\"_wpcf7_locale\" value=\"ca\" \/><input type=\"hidden\" name=\"_wpcf7_unit_tag\" value=\"wpcf7-f57943-o1\" \/><input type=\"hidden\" name=\"_wpcf7_container_post\" value=\"0\" \/><input type=\"hidden\" name=\"_wpcf7_posted_data_hash\" value=\"\" \/>\n<\/fieldset>\n<div class=\"vc_col-sm-6 \">\n\t<p><span class=\"wpcf7-form-control-wrap\" data-name=\"Nombre\"><input size=\"40\" maxlength=\"400\" class=\"wpcf7-form-control wpcf7-text wpcf7-validates-as-required\" aria-required=\"true\" aria-invalid=\"false\" placeholder=\"Persona de contacte\" value=\"\" type=\"text\" name=\"Nombre\" \/><\/span><span class=\"wpcf7-form-control-wrap\" data-name=\"email\"><input size=\"40\" maxlength=\"400\" class=\"wpcf7-form-control wpcf7-email wpcf7-validates-as-required wpcf7-text wpcf7-validates-as-email\" aria-required=\"true\" aria-invalid=\"false\" placeholder=\"Email\" value=\"\" type=\"email\" name=\"email\" \/><\/span><span class=\"wpcf7-form-control-wrap\" data-name=\"tel\"><input size=\"40\" maxlength=\"400\" class=\"wpcf7-form-control wpcf7-text wpcf7-validates-as-required\" aria-required=\"true\" aria-invalid=\"false\" placeholder=\"Tel\u00e8fon\" value=\"\" type=\"text\" name=\"tel\" \/><\/span>\n\t<\/p>\n<\/div>\n<div class=\"vc_col-sm-6 segundo\">\n\t<p><span class=\"wpcf7-form-control-wrap\" data-name=\"mensaje\"><textarea cols=\"40\" rows=\"10\" maxlength=\"2000\" class=\"wpcf7-form-control wpcf7-textarea\" aria-invalid=\"false\" placeholder=\"Missatje\" name=\"mensaje\"><\/textarea><\/span>\n\t<\/p>\n<\/div>\n<div class=\"vc_col-sm-12\" style=\"padding-top:0px;padding-bottom:0px;\">\n\t<p><span class=\"wpcf7-form-control-wrap\" data-name=\"acceptance-130\"><span class=\"wpcf7-form-control wpcf7-acceptance optional\"><span class=\"wpcf7-list-item\"><label><input type=\"checkbox\" name=\"acceptance-130\" value=\"1\" aria-invalid=\"false\" \/><span class=\"wpcf7-list-item-label\">Accepto la <a href=\"\/politica-de-privacidad\/\">pol\u00edtica de privacitat<\/a><\/span><\/label><\/span><\/span><\/span>\n\t<\/p>\n<\/div>\n<div class=\"vc_col-sm-12\" style=\"text-align:right\">\n\t<p><input class=\"wpcf7-form-control wpcf7-submit has-spinner\" type=\"submit\" value=\"Enviar\" \/>\n\t<\/p>\n<\/div>\n<div class=\"vc_col-sm-12 legalform\">\n\t<p>D'acord amb el que s'estableix pel Reglament UE 2016 \/ 679, de Protecci\u00f3 de Dades de Car\u00e0cter Personal (RGPD), l'usuari\/a queda informat i presta el seu consentiment a la incorporaci\u00f3 de les seves dades a un tractament del qual \u00e9s responsable INSTITUCIO IBARS. amb la finalitat d'informar-lo sobre els serveis sol\u00b7licitats, L'informem tamb\u00e9 sobre els seus drets d'acc\u00e9s, rectificaci\u00f3, portabilitat, cancel\u00b7laci\u00f3 i oposici\u00f3, que podr\u00e0 exercir en el domicili social INSTITUCIO IBARS. , situat en Ciutat de la Just\u00edcia Av Carrilet, 3 edif D Local D10, 08902 L\u2019Hospitalet- Barcelona. L'informem tamb\u00e9 que les dades personals subministrades s'emmagatzemaran en la nostra base de dades situada en crm.zoho.com i no seran cedits ni comunicats, a terceres persones.\n\t<\/p>\n<\/div>\n<div class=\"vc_col-sm-12 \" style=\"padding-top:30px;padding-bottom:30px;\">\n<div class=\"wpcf7-response-output\" aria-hidden=\"true\"><\/div>\n<\/div>\n<\/form>\n<\/div>\n\t\t\t\t\t<\/div>\n\t\t\t\t<\/div>\n\t\t\t\t\t\t<\/div>\n\t\t\t\t<\/div>\n\t\t\t\t\t<\/div>\n\t\t\t\t<\/div>\n\t\t\t\t<\/div>\n\t\t","protected":false},"excerpt":{"rendered":"<p>Podeu seleccionar el servei que m\u00e9s s&#8217;ajusti a les vostres necessitats Us garantim la m\u00e0xima agilitat i experi\u00e8ncia La seva sol\u00b7licitud que ser\u00e0 resolta en el termini m\u00e0xim \u00e9s de 36 hores. En un sol clic de disposar d&#8217;un servei especialitzat d&#8217;assessoria adaptat a cada necessitat. Especialitzat en r\u00e8gim especial d&#8217;empleats de la Llar. Add<\/p>\n","protected":false},"author":1,"featured_media":0,"parent":0,"menu_order":0,"comment_status":"closed","ping_status":"closed","template":"","meta":{"site-sidebar-layout":"no-sidebar","site-content-layout":"page-builder","ast-site-content-layout":"full-width-container","site-content-style":"default","site-sidebar-style":"default","ast-global-header-display":"","ast-banner-title-visibility":"","ast-main-header-display":"","ast-hfb-above-header-display":"","ast-hfb-below-header-display":"","ast-hfb-mobile-header-display":"","site-post-title":"disabled","ast-breadcrumbs-content":"","ast-featured-img":"disabled","footer-sml-layout":"","theme-transparent-header-meta":"","adv-header-id-meta":"","stick-header-meta":"","header-above-stick-meta":"","header-main-stick-meta":"","header-below-stick-meta":"","astra-migrate-meta-layouts":"default","ast-page-background-enabled":"default","ast-page-background-meta":{"desktop":{"background-color":"","background-image":"","background-repeat":"repeat","background-position":"center center","background-size":"auto","background-attachment":"scroll","background-type":"","background-media":"","overlay-type":"","overlay-color":"","overlay-opacity":"","overlay-gradient":""},"tablet":{"background-color":"","background-image":"","background-repeat":"repeat","background-position":"center center","background-size":"auto","background-attachment":"scroll","background-type":"","background-media":"","overlay-type":"","overlay-color":"","overlay-opacity":"","overlay-gradient":""},"mobile":{"background-color":"","background-image":"","background-repeat":"repeat","background-position":"center center","background-size":"auto","background-attachment":"scroll","background-type":"","background-media":"","overlay-type":"","overlay-color":"","overlay-opacity":"","overlay-gradient":""}},"ast-content-background-meta":{"desktop":{"background-color":"var(--ast-global-color-5)","background-image":"","background-repeat":"repeat","background-position":"center center","background-size":"auto","background-attachment":"scroll","background-type":"","background-media":"","overlay-type":"","overlay-color":"","overlay-opacity":"","overlay-gradient":""},"tablet":{"background-color":"var(--ast-global-color-5)","background-image":"","background-repeat":"repeat","background-position":"center center","background-size":"auto","background-attachment":"scroll","background-type":"","background-media":"","overlay-type":"","overlay-color":"","overlay-opacity":"","overlay-gradient":""},"mobile":{"background-color":"var(--ast-global-color-5)","background-image":"","background-repeat":"repeat","background-position":"center center","background-size":"auto","background-attachment":"scroll","background-type":"","background-media":"","overlay-type":"","overlay-color":"","overlay-opacity":"","overlay-gradient":""}},"_themeisle_gutenberg_block_has_review":false,"footnotes":""},"class_list":["post-60305","page","type-page","status-publish","hentry","desktop-align-left","tablet-align-left","mobile-align-left","ast-product-gallery-layout-horizontal-slider","ast-product-gallery-with-no-image","ast-product-tabs-layout-accordion"],"yoast_head":"<!-- This site is optimized with the Yoast SEO plugin v23.7 - https:\/\/yoast.com\/wordpress\/plugins\/seo\/ -->\n<title>Contractaci\u00f3 serveis laborals - Institucio Ibars<\/title>\n<meta name=\"robots\" content=\"index, follow, max-snippet:-1, max-image-preview:large, max-video-preview:-1\" \/>\n<link rel=\"canonical\" href=\"https:\/\/www.institucioibars.com\/ca\/contractacio-serveis-laborals\/\" \/>\n<meta property=\"og:locale\" content=\"ca_ES\" \/>\n<meta property=\"og:type\" content=\"article\" \/>\n<meta property=\"og:title\" content=\"Contractaci\u00f3 serveis laborals - Institucio Ibars\" \/>\n<meta property=\"og:description\" content=\"Podeu seleccionar el servei que m\u00e9s s&#8217;ajusti a les vostres necessitats Us garantim la m\u00e0xima agilitat i experi\u00e8ncia La seva sol\u00b7licitud que ser\u00e0 resolta en el termini m\u00e0xim \u00e9s de 36 hores. En un sol clic de disposar d&#8217;un servei especialitzat d&#8217;assessoria adaptat a cada necessitat. Especialitzat en r\u00e8gim especial d&#8217;empleats de la Llar. Add\" \/>\n<meta property=\"og:url\" content=\"https:\/\/www.institucioibars.com\/ca\/contractacio-serveis-laborals\/\" \/>\n<meta property=\"og:site_name\" content=\"Institucio Ibars\" \/>\n<meta property=\"article:publisher\" content=\"https:\/\/www.facebook.com\/InstitucioIbars\" \/>\n<meta property=\"article:modified_time\" content=\"2024-09-27T13:18:42+00:00\" \/>\n<meta property=\"og:image\" content=\"https:\/\/ibars.institucioibars.com\/wp-content\/uploads\/2024\/07\/Sin-titulo-1-150x150@2x.png\" \/>\n<meta name=\"twitter:card\" content=\"summary_large_image\" \/>\n<meta name=\"twitter:label1\" content=\"Temps estimat de lectura\" \/>\n\t<meta name=\"twitter:data1\" content=\"3 minuts\" \/>\n<script type=\"application\/ld+json\" class=\"yoast-schema-graph\">{\"@context\":\"https:\/\/schema.org\",\"@graph\":[{\"@type\":\"WebPage\",\"@id\":\"https:\/\/www.institucioibars.com\/ca\/contractacio-serveis-laborals\/\",\"url\":\"https:\/\/www.institucioibars.com\/ca\/contractacio-serveis-laborals\/\",\"name\":\"Contractaci\u00f3 serveis laborals - Institucio Ibars\",\"isPartOf\":{\"@id\":\"https:\/\/www.institucioibars.com\/ca\/#website\"},\"primaryImageOfPage\":{\"@id\":\"https:\/\/www.institucioibars.com\/ca\/contractacio-serveis-laborals\/#primaryimage\"},\"image\":{\"@id\":\"https:\/\/www.institucioibars.com\/ca\/contractacio-serveis-laborals\/#primaryimage\"},\"thumbnailUrl\":\"https:\/\/ibars.institucioibars.com\/wp-content\/uploads\/2024\/07\/Sin-titulo-1-150x150@2x.png\",\"datePublished\":\"2024-07-12T11:55:14+00:00\",\"dateModified\":\"2024-09-27T13:18:42+00:00\",\"breadcrumb\":{\"@id\":\"https:\/\/www.institucioibars.com\/ca\/contractacio-serveis-laborals\/#breadcrumb\"},\"inLanguage\":\"ca\",\"potentialAction\":[{\"@type\":\"ReadAction\",\"target\":[\"https:\/\/www.institucioibars.com\/ca\/contractacio-serveis-laborals\/\"]}]},{\"@type\":\"ImageObject\",\"inLanguage\":\"ca\",\"@id\":\"https:\/\/www.institucioibars.com\/ca\/contractacio-serveis-laborals\/#primaryimage\",\"url\":\"https:\/\/ibars.institucioibars.com\/wp-content\/uploads\/2024\/07\/Sin-titulo-1-150x150@2x.png\",\"contentUrl\":\"https:\/\/ibars.institucioibars.com\/wp-content\/uploads\/2024\/07\/Sin-titulo-1-150x150@2x.png\"},{\"@type\":\"BreadcrumbList\",\"@id\":\"https:\/\/www.institucioibars.com\/ca\/contractacio-serveis-laborals\/#breadcrumb\",\"itemListElement\":[{\"@type\":\"ListItem\",\"position\":1,\"name\":\"Portada\",\"item\":\"https:\/\/www.institucioibars.com\/ca\/\"},{\"@type\":\"ListItem\",\"position\":2,\"name\":\"Contractaci\u00f3 serveis laborals\"}]},{\"@type\":\"WebSite\",\"@id\":\"https:\/\/www.institucioibars.com\/ca\/#website\",\"url\":\"https:\/\/www.institucioibars.com\/ca\/\",\"name\":\"Institucio Ibars\",\"description\":\"Cuidado de personas mayores y ancianos a Domicilio\",\"publisher\":{\"@id\":\"https:\/\/www.institucioibars.com\/ca\/#organization\"},\"alternateName\":\"Ibars cuidado a mayores\",\"potentialAction\":[{\"@type\":\"SearchAction\",\"target\":{\"@type\":\"EntryPoint\",\"urlTemplate\":\"https:\/\/www.institucioibars.com\/ca\/?s={search_term_string}\"},\"query-input\":{\"@type\":\"PropertyValueSpecification\",\"valueRequired\":true,\"valueName\":\"search_term_string\"}}],\"inLanguage\":\"ca\"},{\"@type\":\"Organization\",\"@id\":\"https:\/\/www.institucioibars.com\/ca\/#organization\",\"name\":\"Instituci\u00f3 Ibars\",\"alternateName\":\"Associacio INSTITUCIO IBARS\",\"url\":\"https:\/\/www.institucioibars.com\/ca\/\",\"logo\":{\"@type\":\"ImageObject\",\"inLanguage\":\"ca\",\"@id\":\"https:\/\/www.institucioibars.com\/ca\/#\/schema\/logo\/image\/\",\"url\":\"https:\/\/www.institucioibars.com\/wp-content\/uploads\/2024\/02\/institucio-ibars-logo.png\",\"contentUrl\":\"https:\/\/www.institucioibars.com\/wp-content\/uploads\/2024\/02\/institucio-ibars-logo.png\",\"width\":250,\"height\":78,\"caption\":\"Instituci\u00f3 Ibars\"},\"image\":{\"@id\":\"https:\/\/www.institucioibars.com\/ca\/#\/schema\/logo\/image\/\"},\"sameAs\":[\"https:\/\/www.facebook.com\/InstitucioIbars\"]}]}<\/script>\n<!-- \/ Yoast SEO plugin. -->","yoast_head_json":{"title":"Contractaci\u00f3 serveis laborals - Institucio Ibars","robots":{"index":"index","follow":"follow","max-snippet":"max-snippet:-1","max-image-preview":"max-image-preview:large","max-video-preview":"max-video-preview:-1"},"canonical":"https:\/\/www.institucioibars.com\/ca\/contractacio-serveis-laborals\/","og_locale":"ca_ES","og_type":"article","og_title":"Contractaci\u00f3 serveis laborals - Institucio Ibars","og_description":"Podeu seleccionar el servei que m\u00e9s s&#8217;ajusti a les vostres necessitats Us garantim la m\u00e0xima agilitat i experi\u00e8ncia La seva sol\u00b7licitud que ser\u00e0 resolta en el termini m\u00e0xim \u00e9s de 36 hores. En un sol clic de disposar d&#8217;un servei especialitzat d&#8217;assessoria adaptat a cada necessitat. Especialitzat en r\u00e8gim especial d&#8217;empleats de la Llar. Add","og_url":"https:\/\/www.institucioibars.com\/ca\/contractacio-serveis-laborals\/","og_site_name":"Institucio Ibars","article_publisher":"https:\/\/www.facebook.com\/InstitucioIbars","article_modified_time":"2024-09-27T13:18:42+00:00","og_image":[{"url":"https:\/\/ibars.institucioibars.com\/wp-content\/uploads\/2024\/07\/Sin-titulo-1-150x150@2x.png"}],"twitter_card":"summary_large_image","twitter_misc":{"Temps estimat de lectura":"3 minuts"},"schema":{"@context":"https:\/\/schema.org","@graph":[{"@type":"WebPage","@id":"https:\/\/www.institucioibars.com\/ca\/contractacio-serveis-laborals\/","url":"https:\/\/www.institucioibars.com\/ca\/contractacio-serveis-laborals\/","name":"Contractaci\u00f3 serveis laborals - Institucio Ibars","isPartOf":{"@id":"https:\/\/www.institucioibars.com\/ca\/#website"},"primaryImageOfPage":{"@id":"https:\/\/www.institucioibars.com\/ca\/contractacio-serveis-laborals\/#primaryimage"},"image":{"@id":"https:\/\/www.institucioibars.com\/ca\/contractacio-serveis-laborals\/#primaryimage"},"thumbnailUrl":"https:\/\/ibars.institucioibars.com\/wp-content\/uploads\/2024\/07\/Sin-titulo-1-150x150@2x.png","datePublished":"2024-07-12T11:55:14+00:00","dateModified":"2024-09-27T13:18:42+00:00","breadcrumb":{"@id":"https:\/\/www.institucioibars.com\/ca\/contractacio-serveis-laborals\/#breadcrumb"},"inLanguage":"ca","potentialAction":[{"@type":"ReadAction","target":["https:\/\/www.institucioibars.com\/ca\/contractacio-serveis-laborals\/"]}]},{"@type":"ImageObject","inLanguage":"ca","@id":"https:\/\/www.institucioibars.com\/ca\/contractacio-serveis-laborals\/#primaryimage","url":"https:\/\/ibars.institucioibars.com\/wp-content\/uploads\/2024\/07\/Sin-titulo-1-150x150@2x.png","contentUrl":"https:\/\/ibars.institucioibars.com\/wp-content\/uploads\/2024\/07\/Sin-titulo-1-150x150@2x.png"},{"@type":"BreadcrumbList","@id":"https:\/\/www.institucioibars.com\/ca\/contractacio-serveis-laborals\/#breadcrumb","itemListElement":[{"@type":"ListItem","position":1,"name":"Portada","item":"https:\/\/www.institucioibars.com\/ca\/"},{"@type":"ListItem","position":2,"name":"Contractaci\u00f3 serveis laborals"}]},{"@type":"WebSite","@id":"https:\/\/www.institucioibars.com\/ca\/#website","url":"https:\/\/www.institucioibars.com\/ca\/","name":"Institucio Ibars","description":"Cuidado de personas mayores y ancianos a Domicilio","publisher":{"@id":"https:\/\/www.institucioibars.com\/ca\/#organization"},"alternateName":"Ibars cuidado a mayores","potentialAction":[{"@type":"SearchAction","target":{"@type":"EntryPoint","urlTemplate":"https:\/\/www.institucioibars.com\/ca\/?s={search_term_string}"},"query-input":{"@type":"PropertyValueSpecification","valueRequired":true,"valueName":"search_term_string"}}],"inLanguage":"ca"},{"@type":"Organization","@id":"https:\/\/www.institucioibars.com\/ca\/#organization","name":"Instituci\u00f3 Ibars","alternateName":"Associacio INSTITUCIO IBARS","url":"https:\/\/www.institucioibars.com\/ca\/","logo":{"@type":"ImageObject","inLanguage":"ca","@id":"https:\/\/www.institucioibars.com\/ca\/#\/schema\/logo\/image\/","url":"https:\/\/www.institucioibars.com\/wp-content\/uploads\/2024\/02\/institucio-ibars-logo.png","contentUrl":"https:\/\/www.institucioibars.com\/wp-content\/uploads\/2024\/02\/institucio-ibars-logo.png","width":250,"height":78,"caption":"Instituci\u00f3 Ibars"},"image":{"@id":"https:\/\/www.institucioibars.com\/ca\/#\/schema\/logo\/image\/"},"sameAs":["https:\/\/www.facebook.com\/InstitucioIbars"]}]}},"_links":{"self":[{"href":"https:\/\/www.institucioibars.com\/ca\/wp-json\/wp\/v2\/pages\/60305","targetHints":{"allow":["GET"]}}],"collection":[{"href":"https:\/\/www.institucioibars.com\/ca\/wp-json\/wp\/v2\/pages"}],"about":[{"href":"https:\/\/www.institucioibars.com\/ca\/wp-json\/wp\/v2\/types\/page"}],"author":[{"embeddable":true,"href":"https:\/\/www.institucioibars.com\/ca\/wp-json\/wp\/v2\/users\/1"}],"replies":[{"embeddable":true,"href":"https:\/\/www.institucioibars.com\/ca\/wp-json\/wp\/v2\/comments?post=60305"}],"version-history":[{"count":1,"href":"https:\/\/www.institucioibars.com\/ca\/wp-json\/wp\/v2\/pages\/60305\/revisions"}],"predecessor-version":[{"id":60309,"href":"https:\/\/www.institucioibars.com\/ca\/wp-json\/wp\/v2\/pages\/60305\/revisions\/60309"}],"wp:attachment":[{"href":"https:\/\/www.institucioibars.com\/ca\/wp-json\/wp\/v2\/media?parent=60305"}],"curies":[{"name":"wp","href":"https:\/\/api.w.org\/{rel}","templated":true}]}}